{"id":16595,"date":"2019-12-05T10:46:56","date_gmt":"2019-12-05T10:46:56","guid":{"rendered":"https:\/\/papier-sprick.de\/datenschutz\/"},"modified":"2025-02-20T10:58:16","modified_gmt":"2025-02-20T08:58:16","slug":"protection-des-donnees","status":"publish","type":"page","link":"https:\/\/papier-sprick.de\/fr\/protection-des-donnees\/","title":{"rendered":"Protection des donn\u00e9es"},"content":{"rendered":"\t\t<div data-elementor-type=\"wp-page\" data-elementor-id=\"16595\" class=\"elementor elementor-16595 elementor-64\" data-elementor-post-type=\"page\">\n\t\t\t\t<div class=\"elementor-element elementor-element-df845bb e-flex e-con-boxed e-con e-parent\" data-id=\"df845bb\" data-element_type=\"container\" data-e-type=\"container\" data-settings=\"{&quot;background_background&quot;:&quot;classic&quot;}\">\n\t\t\t\t\t<div class=\"e-con-inner\">\n\t\t<div data-dce-background-color=\"#FFFFFF\" class=\"elementor-element elementor-element-4f8134d e-con-full e-flex e-con e-child\" data-id=\"4f8134d\" data-element_type=\"container\" data-e-type=\"container\" data-settings=\"{&quot;background_background&quot;:&quot;classic&quot;}\">\n\t\t\t\t<div class=\"elementor-element elementor-element-9e32501 elementor-widget elementor-widget-html\" data-id=\"9e32501\" data-element_type=\"widget\" data-e-type=\"widget\" data-widget_type=\"html.default\">\n\t\t\t\t<div class=\"elementor-widget-container\">\n\t\t\t\t\t<nav aria-label=\"breadcrumbs\" class=\"rank-math-breadcrumb\"><p><span class=\"last\">Start<\/span><\/p><\/nav>\t\t\t\t<\/div>\n\t\t\t\t<\/div>\n\t\t\t\t<div data-dce-title-color=\"#0c0c0c\" class=\"elementor-element elementor-element-a4fb661 elementor-widget elementor-widget-heading\" data-id=\"a4fb661\" data-element_type=\"widget\" data-e-type=\"widget\" data-widget_type=\"heading.default\">\n\t\t\t\t<div class=\"elementor-widget-container\">\n\t\t\t\t\t<h1 class=\"elementor-heading-title elementor-size-default\">D\u00e9claration de protection des donn\u00e9es<\/h1>\t\t\t\t<\/div>\n\t\t\t\t<\/div>\n\t\t\t\t<div class=\"elementor-element elementor-element-7b00d6b elementor-widget elementor-widget-text-editor\" data-id=\"7b00d6b\" data-element_type=\"widget\" data-e-type=\"widget\" data-widget_type=\"text-editor.default\">\n\t\t\t\t<div class=\"elementor-widget-container\">\n\t\t\t\t\t\t\t\t\t<p>Nous sommes heureux que notre site web vous int\u00e9resse. Nous prenons tr\u00e8s au s\u00e9rieux la protection et la s\u00e9curit\u00e9 de vos informations personnelles pendant votre utilisation de notre site web. C\u2019est pourquoi nous souhaitons vous informer ici sur les donn\u00e9es \u00e0 caract\u00e8re personnel que nous collectons lors de votre visite sur notre site web et sur la finalit\u00e9 de leur traitement.<\/p><p>Cette d\u00e9claration de protection des donn\u00e9es s\u2019applique \u00e0 l\u2019offre Internet de la soci\u00e9t\u00e9 Sprick GmbH, qui est accessible sous le nom de domaine www.papier-sprick.de ainsi que sous les diff\u00e9rents sous-domaines (\u201enotre site web\u201c).<\/p>\t\t\t\t\t\t\t\t<\/div>\n\t\t\t\t<\/div>\n\t\t\t\t<div class=\"elementor-element elementor-element-9de0d1c elementor-widget elementor-widget-heading\" data-id=\"9de0d1c\" data-element_type=\"widget\" data-e-type=\"widget\" data-widget_type=\"heading.default\">\n\t\t\t\t<div class=\"elementor-widget-container\">\n\t\t\t\t\t<h2 class=\"elementor-heading-title elementor-size-default\">Qui est responsable et comment vous joindre ?<\/h2>\t\t\t\t<\/div>\n\t\t\t\t<\/div>\n\t\t\t\t<div class=\"elementor-element elementor-element-a1b5454 elementor-widget elementor-widget-text-editor\" data-id=\"a1b5454\" data-element_type=\"widget\" data-e-type=\"widget\" data-widget_type=\"text-editor.default\">\n\t\t\t\t<div class=\"elementor-widget-container\">\n\t\t\t\t\t\t\t\t\t<p><strong>Responsable<\/strong><\/p><p>du traitement des donn\u00e9es \u00e0 caract\u00e8re personnel au sens du R\u00e8glement g\u00e9n\u00e9ral de l\u2019UE sur la protection des donn\u00e9es (RGPD)<\/p><p>Sprick GmbH<br \/>Hanfstr. 23<br \/>33607 Bielefeld<br \/>DE<br \/><br \/>gruetzner@datenschutzbeauftragter.ruhr<\/p>\t\t\t\t\t\t\t\t<\/div>\n\t\t\t\t<\/div>\n\t\t\t\t<div class=\"elementor-element elementor-element-08b9c74 elementor-widget elementor-widget-text-editor\" data-id=\"08b9c74\" data-element_type=\"widget\" data-e-type=\"widget\" data-widget_type=\"text-editor.default\">\n\t\t\t\t<div class=\"elementor-widget-container\">\n\t\t\t\t\t\t\t\t\t<p><strong>D<\/strong><strong>\u00e9<\/strong><strong>l<\/strong><strong>\u00e9<\/strong><strong>gu<\/strong><strong>\u00e9<\/strong><strong>(e) <\/strong><strong>\u00e0<\/strong><strong> la protection des donn<\/strong><strong>\u00e9<\/strong><strong>es<\/strong><\/p><p>arbeitgeber ruhr GmbH<br \/>K\u00f6nigsallee 67<br \/>44789 Bochum<br \/>DE<br \/>Dirk Gr\u00fctzner<br \/>gruetzner@datenschutzbeauftragter.ruhr<\/p>\t\t\t\t\t\t\t\t<\/div>\n\t\t\t\t<\/div>\n\t\t\t\t<div class=\"elementor-element elementor-element-dd63fa5 elementor-widget elementor-widget-heading\" data-id=\"dd63fa5\" data-element_type=\"widget\" data-e-type=\"widget\" data-widget_type=\"heading.default\">\n\t\t\t\t<div class=\"elementor-widget-container\">\n\t\t\t\t\t<h2 class=\"elementor-heading-title elementor-size-default\">De quoi s\u2019agit-il ?<\/h2>\t\t\t\t<\/div>\n\t\t\t\t<\/div>\n\t\t\t\t<div class=\"elementor-element elementor-element-66f841c elementor-widget elementor-widget-text-editor\" data-id=\"66f841c\" data-element_type=\"widget\" data-e-type=\"widget\" data-widget_type=\"text-editor.default\">\n\t\t\t\t<div class=\"elementor-widget-container\">\n\t\t\t\t\t\t\t\t\t<p>Cette d\u00e9claration de protection des donn\u00e9es remplit les exigences l\u00e9gales en mati\u00e8re de transparence lors du traitement des donn\u00e9es \u00e0 caract\u00e8re personnel. Il s\u2019agit de toutes les informations relatives \u00e0 une personne physique identifi\u00e9e ou identifiable. \u00c0 titre d\u2019exemple, en font partie les informations telles que votre nom, votre \u00e2ge, votre adresse, votre num\u00e9ro de t\u00e9l\u00e9phone, votre date de naissance, votre adresse e-mail, votre adresse IP ou le comportement de l\u2019utilisateur lors de la visite d\u2019un site web. Les informations pour lesquelles nous ne pouvons pas \u00e9tablir de lien avec votre personne (ou seulement avec un effort disproportionn\u00e9), par exemple en les rendant anonymes, ne sont pas des donn\u00e9es \u00e0 caract\u00e8re personnel. Le traitement de donn\u00e9es \u00e0 caract\u00e8re personnel (par exemple la collecte, la consultation, l&#8217;utilisation, le stockage ou la transmission) requiert toujours une base l\u00e9gale et une finalit\u00e9 d\u00e9finie.<\/p><p>Les donn\u00e9es \u00e0 caract\u00e8re personnel enregistr\u00e9es sont supprim\u00e9es d\u00e8s que la finalit\u00e9 du traitement est atteinte et qu&#8217;il n&#8217;y a plus de raisons l\u00e9gitimes de les conserver. Au cours des diff\u00e9rentes op\u00e9rations de traitement, nous vous informons des d\u00e9lais de conservation concrets ou des crit\u00e8res de conservation. Ind\u00e9pendamment de cela, nous conservons vos donn\u00e9es \u00e0 caract\u00e8re personnel dans des cas particuliers pour faire valoir, exercer ou d\u00e9fendre des droits l\u00e9gaux et en pr\u00e9sence d&#8217;obligations l\u00e9gales de conservation.<\/p>\t\t\t\t\t\t\t\t<\/div>\n\t\t\t\t<\/div>\n\t\t\t\t<div class=\"elementor-element elementor-element-143e15e elementor-widget elementor-widget-heading\" data-id=\"143e15e\" data-element_type=\"widget\" data-e-type=\"widget\" data-widget_type=\"heading.default\">\n\t\t\t\t<div class=\"elementor-widget-container\">\n\t\t\t\t\t<h2 class=\"elementor-heading-title elementor-size-default\">Qui re\u00e7oit mes donn\u00e9es ?<\/h2>\t\t\t\t<\/div>\n\t\t\t\t<\/div>\n\t\t\t\t<div class=\"elementor-element elementor-element-06bfb27 elementor-widget elementor-widget-text-editor\" data-id=\"06bfb27\" data-element_type=\"widget\" data-e-type=\"widget\" data-widget_type=\"text-editor.default\">\n\t\t\t\t<div class=\"elementor-widget-container\">\n\t\t\t\t\t\t\t\t\t<p>Nous ne transmettons \u00e0 des tiers les donn\u00e9es \u00e0 caract\u00e8re personnel que nous traitons sur notre site web que si cela est n\u00e9cessaire \u00e0 la r\u00e9alisation des objectifs et si cela est couvert par la base juridique (par ex. consentement ou sauvegarde d\u2019int\u00e9r\u00eats l\u00e9gitimes) dans un cas particulier. Par ailleurs, nous transmettons dans certains cas des donn\u00e9es \u00e0 caract\u00e8re personnel \u00e0 des tiers lorsque cela sert \u00e0 faire valoir, exercer ou d\u00e9fendre des droits l\u00e9gaux. Les destinataires possibles peuvent alors \u00eatre par exemple les autorit\u00e9s de poursuite p\u00e9nale, les avocats, les experts-comptables, les tribunaux, etc.<\/p><p>Dans la mesure o\u00f9 nous faisons appel \u00e0 des prestataires de services pour l\u2019exploitation de notre site web, qui traitent en notre nom des donn\u00e9es \u00e0 caract\u00e8re personnel dans le cadre d\u2019une sous-traitance conform\u00e9ment \u00e0 l&#8217;article 28 du RGPD, ceux-ci peuvent \u00eatre destinataires de vos donn\u00e9es \u00e0 caract\u00e8re personnel. Vous trouverez de plus amples informations sur le recours \u00e0 des sous-traitants ainsi qu&#8217;\u00e0 des services web dans l&#8217;aper\u00e7u des diff\u00e9rentes op\u00e9rations de traitement.<\/p>\t\t\t\t\t\t\t\t<\/div>\n\t\t\t\t<\/div>\n\t\t\t\t<div class=\"elementor-element elementor-element-d8dd75c elementor-widget elementor-widget-heading\" data-id=\"d8dd75c\" data-element_type=\"widget\" data-e-type=\"widget\" data-widget_type=\"heading.default\">\n\t\t\t\t<div class=\"elementor-widget-container\">\n\t\t\t\t\t<h2 class=\"elementor-heading-title elementor-size-default\">Utilisez-vous des cookies ?<\/h2>\t\t\t\t<\/div>\n\t\t\t\t<\/div>\n\t\t\t\t<div class=\"elementor-element elementor-element-a69486b elementor-widget elementor-widget-text-editor\" data-id=\"a69486b\" data-element_type=\"widget\" data-e-type=\"widget\" data-widget_type=\"text-editor.default\">\n\t\t\t\t<div class=\"elementor-widget-container\">\n\t\t\t\t\t\t\t\t\t<p>Les cookies sont des petits fichiers texte qui sont envoy\u00e9s par nos soins au navigateur de votre terminal dans le cadre de votre visite sur nos pages internet et qui y sont enregistr\u00e9s. En alternative \u00e0 l&#8217;utilisation de cookies, des informations peuvent \u00e9galement \u00eatre enregistr\u00e9es dans la m\u00e9moire locale (local storage) de votre navigateur. Certaines fonctions de notre site internet ne peuvent pas \u00eatre propos\u00e9es sans l\u2019utilisation de cookies ou de local storage (cookies techniquement n\u00e9cessaires). D\u2019autres cookies nous permettent en revanche de proc\u00e9der \u00e0 diff\u00e9rentes analyses, de sorte que nous sommes par exemple en mesure de reconna\u00eetre le navigateur que vous utilisez lorsque vous revenez sur notre site internet et de nous transmettre diff\u00e9rentes informations (cookies non n\u00e9cessaires). Les cookies nous permettent entre autres de rendre notre offre Internet plus conviviale et plus efficace pour vous, en suivant par exemple votre utilisation de notre site internet et en d\u00e9terminant vos param\u00e8tres pr\u00e9f\u00e9r\u00e9s (par ex. param\u00e8tres r\u00e9gionaux et linguistiques). Si des tiers traitent des informations via des cookies, ils collectent les informations directement via votre navigateur. Les cookies n&#8217;endommagent pas votre terminal. Ils ne peuvent pas ex\u00e9cuter de programmes ni contenir de virus.<\/p><p>Nous vous informons sur les services respectifs pour lesquels nous utilisons des cookies lors des diff\u00e9rentes op\u00e9rations de traitement. Vous trouverez des informations d\u00e9taill\u00e9es sur les cookies utilis\u00e9s dans les param\u00e8tres des cookies ou dans le gestionnaire de consentement de ce site web.<\/p>\t\t\t\t\t\t\t\t<\/div>\n\t\t\t\t<\/div>\n\t\t\t\t<div class=\"elementor-element elementor-element-f18727a elementor-widget elementor-widget-heading\" data-id=\"f18727a\" data-element_type=\"widget\" data-e-type=\"widget\" data-widget_type=\"heading.default\">\n\t\t\t\t<div class=\"elementor-widget-container\">\n\t\t\t\t\t<h2 class=\"elementor-heading-title elementor-size-default\">Quels sont mes droits ?<\/h2>\t\t\t\t<\/div>\n\t\t\t\t<\/div>\n\t\t\t\t<div class=\"elementor-element elementor-element-bcca39c elementor-widget elementor-widget-text-editor\" data-id=\"bcca39c\" data-element_type=\"widget\" data-e-type=\"widget\" data-widget_type=\"text-editor.default\">\n\t\t\t\t<div class=\"elementor-widget-container\">\n\t\t\t\t\t\t\t\t\t<p>Dans les conditions pr\u00e9vues par les dispositions l\u00e9gales du R\u00e8glement g\u00e9n\u00e9ral sur la protection des donn\u00e9es (RGPD), vous avez les droits suivants en tant que personne concern\u00e9e\u00a0:<\/p><ul><li><strong>Information,<\/strong> conform\u00e9ment \u00e0 l\u2019art. 15 du RGPD sur les donn\u00e9es enregistr\u00e9es vous concernant sous forme d\u2019informations pertinentes sur les d\u00e9tails du traitement ainsi qu\u2019une copie de vos donn\u00e9es\u00a0;<\/li><li><strong>Rectification<\/strong>, conform\u00e9ment \u00e0 l\u2019art. 16 du RGPD, des donn\u00e9es inexactes ou incompl\u00e8tes que nous avons enregistr\u00e9es\u00a0;<\/li><li><strong>Effacement<\/strong> de vos donn\u00e9es stock\u00e9es par nos soins, conform\u00e9ment \u00e0 l\u2019art. 17 du RGPD, \u00e0 moins que le traitement ne soit n\u00e9cessaire pour l\u2019exercice du droit \u00e0 la libert\u00e9 d\u2019expression et d\u2019information, au respect d\u2019une obligation l\u00e9gale, \u00e0 l\u2019ex\u00e9cution d\u2019une mission d\u2019int\u00e9r\u00eat public ou pour faire valoir, exercer ou d\u00e9fendre des droits l\u00e9gaux\u00a0;<\/li><li><strong>Limitation<\/strong> du traitement conform\u00e9ment \u00e0 l\u2019article 18 du RGPD, dans la mesure o\u00f9 l\u2019exactitude des donn\u00e9es est contest\u00e9e, le traitement est ill\u00e9gal, nous n\u2019avons plus besoin des donn\u00e9es et vous refusez leur effacement parce que vous en avez besoin pour faire valoir, exercer ou d\u00e9fendre des droits juridiques ou parce que vous vous \u00eates oppos\u00e9 au traitement conform\u00e9ment \u00e0 l&#8217;article 21 du RGPD.<\/li><li><strong>Portabilit<\/strong><strong>\u00e9 des donn<\/strong><strong>\u00e9es<\/strong> conform\u00e9ment \u00e0 l\u2019article 20 du RGPD, dans la mesure o\u00f9 vous nous avez fourni des donn\u00e9es \u00e0 caract\u00e8re personnel dans le cadre d\u2019un consentement conform\u00e9ment \u00e0 l\u2019article 6, paragraphe 1, lettre a), du RGPD ou sur la base d\u2019un contrat conform\u00e9ment \u00e0 l\u2019article 6, paragraphe 1, lettre b), du RGPD et que nous les avons trait\u00e9es \u00e0 l&#8217;aide de proc\u00e9d\u00e9s automatis\u00e9s. Vous recevez vos donn\u00e9es dans un format structur\u00e9, couramment utilis\u00e9 et lisible par machine ou nous transmettons les donn\u00e9es directement \u00e0 un autre responsable, dans la mesure o\u00f9 cela est techniquement possible.<\/li><li><strong>Opposition<\/strong> conform\u00e9ment \u00e0 l\u2019article 21 du RGPD contre le traitement de vos donn\u00e9es personnelles \u00e0 caract\u00e8re personnel, dans la mesure o\u00f9 celui-ci est effectu\u00e9 sur la base de l\u2019article 6, paragraphe 1, lettres e), f) du RGPD et qu\u2019il existe des raisons d\u00e9coulant de votre situation particuli\u00e8re ou que l\u2019opposition est dirig\u00e9e contre la prospection directe. Le droit d\u2019opposition n\u2019existe pas si des motifs pr\u00e9pond\u00e9rants et imp\u00e9rieux dignes de protection pour le traitement sont d\u00e9montr\u00e9s ou si le traitement est effectu\u00e9 pour faire valoir, exercer ou d\u00e9fendre des droits en justice. Si le droit d\u2019opposition n\u2019existe pas pour certaines op\u00e9rations de traitement, cela y est sp\u00e9cifi\u00e9.<\/li><li><strong>R<\/strong><strong>\u00e9vocation<\/strong> conform\u00e9ment \u00e0 l&#8217;article 7, paragraphe 3 du RGPD, du consentement que vous avez donn\u00e9, avec effet pour l&#8217;avenir.<\/li><li><strong>R<\/strong><strong>\u00e9clamation<\/strong> conform\u00e9ment \u00e0 l\u2019art. 77 du RGPD aupr\u00e8s d\u2019une autorit\u00e9 de contr\u00f4le si vous estimez que le traitement de vos donn\u00e9es \u00e0 caract\u00e8re personnel constitue une violation du RGPD. En r\u00e8gle g\u00e9n\u00e9rale, vous pouvez vous adresser \u00e0 l&#8217;autorit\u00e9 de contr\u00f4le de votre lieu de r\u00e9sidence habituel, de votre lieu de travail ou du si\u00e8ge de notre entreprise.<\/li><\/ul>\t\t\t\t\t\t\t\t<\/div>\n\t\t\t\t<\/div>\n\t\t\t\t<div class=\"elementor-element elementor-element-99f73e5 elementor-widget elementor-widget-heading\" data-id=\"99f73e5\" data-element_type=\"widget\" data-e-type=\"widget\" data-widget_type=\"heading.default\">\n\t\t\t\t<div class=\"elementor-widget-container\">\n\t\t\t\t\t<h2 class=\"elementor-heading-title elementor-size-default\">Comment mes donn\u00e9es sont-elles trait\u00e9es en d\u00e9tail ?<\/h2>\t\t\t\t<\/div>\n\t\t\t\t<\/div>\n\t\t\t\t<div class=\"elementor-element elementor-element-da3855d elementor-widget elementor-widget-text-editor\" data-id=\"da3855d\" data-element_type=\"widget\" data-e-type=\"widget\" data-widget_type=\"text-editor.default\">\n\t\t\t\t<div class=\"elementor-widget-container\">\n\t\t\t\t\t\t\t\t\t<p>Nous vous informons ci-apr\u00e8s des diff\u00e9rentes op\u00e9rations de traitement, de l&#8217;\u00e9tendue et de la finalit\u00e9 du traitement des donn\u00e9es, de la base juridique, de l&#8217;obligation de fournir vos donn\u00e9es et de la dur\u00e9e de stockage correspondante. Aucune d\u00e9cision automatis\u00e9e n\u2019est prise au cas par cas, y compris un profilage.<\/p>\t\t\t\t\t\t\t\t<\/div>\n\t\t\t\t<\/div>\n\t\t\t\t<div class=\"elementor-element elementor-element-1c60fc9 elementor-widget elementor-widget-heading\" data-id=\"1c60fc9\" data-element_type=\"widget\" data-e-type=\"widget\" data-widget_type=\"heading.default\">\n\t\t\t\t<div class=\"elementor-widget-container\">\n\t\t\t\t\t<h2 class=\"elementor-heading-title elementor-size-default\">Mise \u00e0 disposition du site web<\/h2>\t\t\t\t<\/div>\n\t\t\t\t<\/div>\n\t\t\t\t<div class=\"elementor-element elementor-element-a837463 elementor-widget elementor-widget-text-editor\" data-id=\"a837463\" data-element_type=\"widget\" data-e-type=\"widget\" data-widget_type=\"text-editor.default\">\n\t\t\t\t<div class=\"elementor-widget-container\">\n\t\t\t\t\t\t\t\t\t<p><strong>Type et <\/strong><strong>\u00e9<\/strong><strong>tendue du traitement<\/strong><\/p><p>Lors de l&#8217;appel et de l&#8217;utilisation de notre site web, nous collectons les donn\u00e9es \u00e0 caract\u00e8re personnel que votre navigateur transmet automatiquement \u00e0 notre serveur. Les informations suivantes sont enregistr\u00e9es temporairement dans ce que l\u2019on appelle un fichier journal\u00a0:<\/p><ul><li>Adresse IP de l\u2019ordinateur du demandeur<\/li><li>Date et heure de l&#8217;acc\u00e8s au site<\/li><li>Nom et URL du fichier consult\u00e9<\/li><li>Site web \u00e0 partir duquel l\u2019acc\u00e8s a eu lieu (Referrer URL)<\/li><li>Navigateur utilis\u00e9 et, le cas \u00e9ch\u00e9ant, le syst\u00e8me d&#8217;exploitation de votre ordinateur, ainsi que le nom de votre fournisseur d&#8217;acc\u00e8s<\/li><\/ul><p>[Notre site web n&#8217;est pas h\u00e9berg\u00e9 par nous-m\u00eames, mais par un prestataire de services qui traite les donn\u00e9es susmentionn\u00e9es pour notre compte, conform\u00e9ment \u00e0 l&#8217;article 28 du RGPD.]<\/p>\t\t\t\t\t\t\t\t<\/div>\n\t\t\t\t<\/div>\n\t\t\t\t<div class=\"elementor-element elementor-element-dfd3b2b elementor-widget elementor-widget-text-editor\" data-id=\"dfd3b2b\" data-element_type=\"widget\" data-e-type=\"widget\" data-widget_type=\"text-editor.default\">\n\t\t\t\t<div class=\"elementor-widget-container\">\n\t\t\t\t\t\t\t\t\t<p><strong>Finalit<\/strong><strong>\u00e9<\/strong><strong> et base juridique<\/strong><\/p><p>Le traitement est effectu\u00e9 afin de pr\u00e9server notre int\u00e9r\u00eat l\u00e9gitime pr\u00e9pond\u00e9rant \u00e0 afficher notre site web et \u00e0 garantir sa s\u00e9curit\u00e9 et sa stabilit\u00e9, sur la base de l&#8217;article 6, paragraphe f du RGPD. La collecte des donn\u00e9es et leur stockage dans des fichiers journaux sont imp\u00e9rativement n\u00e9cessaires au fonctionnement du site web. Il n&#8217;existe pas de droit d&#8217;opposition au traitement en raison de l&#8217;exception pr\u00e9vue \u00e0 l&#8217;article 21, paragraphe 1 du RGPD. Dans la mesure o\u00f9 le stockage plus \u00e9tendu des fichiers journaux est prescrit par la loi, le traitement est effectu\u00e9 sur la base de l&#8217;art. 6, al. 1, let. c du RGPD. Il n&#8217;y a pas d&#8217;obligation l\u00e9gale ou contractuelle de fournir les donn\u00e9es, mais l&#8217;acc\u00e8s \u00e0 notre site web n&#8217;est techniquement pas possible sans la fourniture des donn\u00e9es.<\/p>\t\t\t\t\t\t\t\t<\/div>\n\t\t\t\t<\/div>\n\t\t\t\t<div class=\"elementor-element elementor-element-9c14b6b elementor-widget elementor-widget-text-editor\" data-id=\"9c14b6b\" data-element_type=\"widget\" data-e-type=\"widget\" data-widget_type=\"text-editor.default\">\n\t\t\t\t<div class=\"elementor-widget-container\">\n\t\t\t\t\t\t\t\t\t<p><strong>Dur<\/strong><strong>\u00e9<\/strong><strong>e de stockage<\/strong><\/p><p>Les donn\u00e9es susmentionn\u00e9es sont stock\u00e9es pendant la dur\u00e9e d\u2019affichage du site web [et, pour des raisons techniques, au-del\u00e0 de cette dur\u00e9e, pendant [7 jours]] au maximum.<\/p>\t\t\t\t\t\t\t\t<\/div>\n\t\t\t\t<\/div>\n\t\t\t\t<div class=\"elementor-element elementor-element-157c251 elementor-widget elementor-widget-heading\" data-id=\"157c251\" data-element_type=\"widget\" data-e-type=\"widget\" data-widget_type=\"heading.default\">\n\t\t\t\t<div class=\"elementor-widget-container\">\n\t\t\t\t\t<h2 class=\"elementor-heading-title elementor-size-default\">Formulaire de contact<\/h2>\t\t\t\t<\/div>\n\t\t\t\t<\/div>\n\t\t\t\t<div class=\"elementor-element elementor-element-3ac7586 elementor-widget elementor-widget-text-editor\" data-id=\"3ac7586\" data-element_type=\"widget\" data-e-type=\"widget\" data-widget_type=\"text-editor.default\">\n\t\t\t\t<div class=\"elementor-widget-container\">\n\t\t\t\t\t\t\t\t\t<p><strong>Type et <\/strong><strong>\u00e9<\/strong><strong>tendue du traitement<\/strong><\/p><p>Sur notre site web, nous vous proposons de prendre contact avec nous via un formulaire mis \u00e0 disposition. Les informations collect\u00e9es via les champs obligatoires sont n\u00e9cessaires pour pouvoir traiter la demande. Par ailleurs, vous pouvez fournir volontairement des informations suppl\u00e9mentaires qui, de votre point de vue, sont n\u00e9cessaires au traitement de la demande de contact.<\/p><p>Lors de l\u2019utilisation du formulaire de contact, vos donn\u00e9es \u00e0 caract\u00e8re personnel ne sont pas transmises \u00e0 des tiers.<\/p>\t\t\t\t\t\t\t\t<\/div>\n\t\t\t\t<\/div>\n\t\t\t\t<div class=\"elementor-element elementor-element-470addc elementor-widget elementor-widget-text-editor\" data-id=\"470addc\" data-element_type=\"widget\" data-e-type=\"widget\" data-widget_type=\"text-editor.default\">\n\t\t\t\t<div class=\"elementor-widget-container\">\n\t\t\t\t\t\t\t\t\t<p><strong>Finalit<\/strong><strong>\u00e9<\/strong><strong> et base juridique<\/strong><\/p><p>Le traitement de vos donn\u00e9es par l\u2019utilisation de notre formulaire de contact a lieu \u00e0 des fins de communication et de traitement de votre demande sur la base de votre consentement conform\u00e9ment \u00e0 l\u2019article 6, paragraphe 1, lettre a) du RGPD. Dans la mesure o\u00f9 votre demande se rapporte \u00e0 une relation contractuelle existante avec nous, le traitement a lieu aux fins de l\u2019ex\u00e9cution du contrat sur la base de l\u2019article 6, paragraphe 1, lettre b) du RGPD. Il n\u2019existe aucune obligation l\u00e9gale ou contractuelle de fournir vos donn\u00e9es, mais le traitement de votre demande ne sera pas possible sans la fourniture des informations requises dans les champs obligatoires. Dans la mesure o\u00f9 vous ne souhaitez pas fournir ces donn\u00e9es, veuillez nous contacter par d&#8217;autres moyens.<\/p>\t\t\t\t\t\t\t\t<\/div>\n\t\t\t\t<\/div>\n\t\t\t\t<div class=\"elementor-element elementor-element-6ce946e elementor-widget elementor-widget-text-editor\" data-id=\"6ce946e\" data-element_type=\"widget\" data-e-type=\"widget\" data-widget_type=\"text-editor.default\">\n\t\t\t\t<div class=\"elementor-widget-container\">\n\t\t\t\t\t\t\t\t\t<p><strong>Dur<\/strong><strong>\u00e9<\/strong><strong>e de stockage<\/strong><\/p><p>Si vous utilisez le formulaire de contact sur la base de votre consentement, nous conservons les donn\u00e9es collect\u00e9es pour chaque demande pendant une dur\u00e9e de trois ans, \u00e0 compter de l\u2019ex\u00e9cution de votre demande ou jusqu\u2019\u00e0 la r\u00e9vocation de votre consentement.<\/p><p>[Si vous utilisez le formulaire de contact dans le cadre d&#8217;une relation contractuelle, nous conservons les donn\u00e9es collect\u00e9es pour chaque demande pendant une dur\u00e9e de [trois ans] \u00e0 compter de la fin de la relation contractuelle.]<\/p>\t\t\t\t\t\t\t\t<\/div>\n\t\t\t\t<\/div>\n\t\t\t\t<div class=\"elementor-element elementor-element-842bee5 elementor-widget elementor-widget-heading\" data-id=\"842bee5\" data-element_type=\"widget\" data-e-type=\"widget\" data-widget_type=\"heading.default\">\n\t\t\t\t<div class=\"elementor-widget-container\">\n\t\t\t\t\t<h2 class=\"elementor-heading-title elementor-size-default\">Formulaire de contact pour les candidats<\/h2>\t\t\t\t<\/div>\n\t\t\t\t<\/div>\n\t\t\t\t<div class=\"elementor-element elementor-element-0a554eb elementor-widget elementor-widget-text-editor\" data-id=\"0a554eb\" data-element_type=\"widget\" data-e-type=\"widget\" data-widget_type=\"text-editor.default\">\n\t\t\t\t<div class=\"elementor-widget-container\">\n\t\t\t\t\t\t\t\t\t<p><strong>Type et <\/strong><strong>\u00e9<\/strong><strong>tendue du traitement<\/strong><\/p><p>Nous collectons et traitons les donn\u00e9es \u00e0 caract\u00e8re personnel des candidats. Le traitement correspondant des donn\u00e9es peut \u00e9galement avoir lieu par voie \u00e9lectronique, par exemple lorsque les candidats nous transmettent des documents de candidature par e-mail ou via un formulaire web disponible sur notre site web. Sur notre site web, nous vous proposons de nous transmettre par e-mail des candidatures \u00e0 des offres d&#8217;emploi publi\u00e9es.<\/p><p>L&#8217;enregistrement de vos donn\u00e9es dans une base de donn\u00e9es de candidats au-del\u00e0 de la proc\u00e9dure de candidature actuelle n&#8217;a lieu que si vous nous avez donn\u00e9 votre consentement sp\u00e9cifique \u00e0 cet effet.<\/p>\t\t\t\t\t\t\t\t<\/div>\n\t\t\t\t<\/div>\n\t\t\t\t<div class=\"elementor-element elementor-element-ab843fc elementor-widget elementor-widget-text-editor\" data-id=\"ab843fc\" data-element_type=\"widget\" data-e-type=\"widget\" data-widget_type=\"text-editor.default\">\n\t\t\t\t<div class=\"elementor-widget-container\">\n\t\t\t\t\t\t\t\t\t<p><strong>Finalit<\/strong><strong>\u00e9<\/strong><strong> et base juridique<\/strong><\/p><p>Le traitement de vos donn\u00e9es dans le cadre de votre candidature a pour but de traiter votre candidature et de d\u00e9cider de l&#8217;\u00e9tablissement d&#8217;une relation de travail sur la base de l&#8217;article 26 de la loi f\u00e9d\u00e9rale sur la protection des donn\u00e9es (BDSG). En cas de transmission de vos documents de candidature \u00e0 des tiers, en particulier \u00e0 des entreprises li\u00e9es \u00e0 nous, ainsi qu&#8217;en cas de stockage de vos donn\u00e9es au-del\u00e0 de la proc\u00e9dure de candidature actuelle, le traitement de vos donn\u00e9es s&#8217;effectue sur la base de l&#8217;article 6, paragraphe 1, phrase 1, point a du RGPD. Il n&#8217;existe aucune obligation l\u00e9gale ou contractuelle de fournir vos donn\u00e9es, mais le traitement de votre candidature n&#8217;est pas possible sans la fourniture de ces informations.<\/p>\t\t\t\t\t\t\t\t<\/div>\n\t\t\t\t<\/div>\n\t\t\t\t<div class=\"elementor-element elementor-element-3de98fe elementor-widget elementor-widget-text-editor\" data-id=\"3de98fe\" data-element_type=\"widget\" data-e-type=\"widget\" data-widget_type=\"text-editor.default\">\n\t\t\t\t<div class=\"elementor-widget-container\">\n\t\t\t\t\t\t\t\t\t<p><strong>Dur<\/strong><strong>\u00e9<\/strong><strong>e de stockage<\/strong><\/p><p>Nous conservons les donn\u00e9es collect\u00e9es pendant une dur\u00e9e de six mois \u00e0 compter de la date \u00e0 laquelle le poste a \u00e9t\u00e9 pourvu.<\/p>\t\t\t\t\t\t\t\t<\/div>\n\t\t\t\t<\/div>\n\t\t\t\t<div class=\"elementor-element elementor-element-84174e1 elementor-widget elementor-widget-heading\" data-id=\"84174e1\" data-element_type=\"widget\" data-e-type=\"widget\" data-widget_type=\"heading.default\">\n\t\t\t\t<div class=\"elementor-widget-container\">\n\t\t\t\t\t<h2 class=\"elementor-heading-title elementor-size-default\">Pr\u00e9sences sur les plateformes de m\u00e9dias sociaux<\/h2>\t\t\t\t<\/div>\n\t\t\t\t<\/div>\n\t\t\t\t<div class=\"elementor-element elementor-element-c11a2de elementor-widget elementor-widget-text-editor\" data-id=\"c11a2de\" data-element_type=\"widget\" data-e-type=\"widget\" data-widget_type=\"text-editor.default\">\n\t\t\t\t<div class=\"elementor-widget-container\">\n\t\t\t\t\t\t\t\t\t<p>Nous entretenons ce que l&#8217;on appelle des pages de fans ou des comptes ou canaux sur les r\u00e9seaux mentionn\u00e9s ci-dessous, afin de vous fournir des informations et des offres \u00e9galement au sein des r\u00e9seaux sociaux et de vous proposer d&#8217;autres moyens de prendre contact avec nous et de vous informer sur nos offres. Nous vous informons ci-apr\u00e8s des donn\u00e9es trait\u00e9es \u00e0 votre sujet par nous-m\u00eames ou par le r\u00e9seau social concern\u00e9, dans le cadre de la consultation et de l\u2019utilisation de nos pages\u00a0\/\u00a0comptes de fans.<\/p>\t\t\t\t\t\t\t\t<\/div>\n\t\t\t\t<\/div>\n\t\t\t\t<div class=\"elementor-element elementor-element-6cc36c0 elementor-widget elementor-widget-text-editor\" data-id=\"6cc36c0\" data-element_type=\"widget\" data-e-type=\"widget\" data-widget_type=\"text-editor.default\">\n\t\t\t\t<div class=\"elementor-widget-container\">\n\t\t\t\t\t\t\t\t\t<p><strong>Donn<\/strong><strong>\u00e9<\/strong><strong>es que nous traitons <\/strong><strong>\u00e0<\/strong><strong> votre sujet<\/strong><\/p><p>Si vous souhaitez nous contacter par Messenger ou par message direct via le r\u00e9seau social concern\u00e9, nous traitons g\u00e9n\u00e9ralement votre nom d\u2019utilisateur par le biais duquel vous nous contactez et enregistrons, le cas \u00e9ch\u00e9ant, d\u2019autres donn\u00e9es que vous nous avez communiqu\u00e9es, dans la mesure o\u00f9 cela est n\u00e9cessaire pour traiter votre demande \/ y donner suite.<\/p><p>La base juridique est l\u2019article 6, paragraphe 1, phrase 1 lettre f) du RGPD (le traitement est n\u00e9cessaire \u00e0 la sauvegarde des int\u00e9r\u00eats l\u00e9gitimes du responsable).<\/p>\t\t\t\t\t\t\t\t<\/div>\n\t\t\t\t<\/div>\n\t\t\t\t<div class=\"elementor-element elementor-element-dd305bb elementor-widget elementor-widget-text-editor\" data-id=\"dd305bb\" data-element_type=\"widget\" data-e-type=\"widget\" data-widget_type=\"text-editor.default\">\n\t\t\t\t<div class=\"elementor-widget-container\">\n\t\t\t\t\t\t\t\t\t<p><strong>Donn<\/strong><strong>\u00e9<\/strong><strong>es d&#8217;utilisation (statiques) que nous recevons des r<\/strong><strong>\u00e9<\/strong><strong>seaux sociaux<\/strong><\/p><p>Nous recevons, via les fonctionnalit\u00e9s Insights, des statistiques mises \u00e0 disposition de mani\u00e8re automatis\u00e9e concernant nos comptes. Les statistiques contiennent entre autres le nombre total de pages vues, les mentions J\u2019aime, les indications sur les activit\u00e9s des pages et les interactions avec les contributions, les port\u00e9es, les vues\u00a0\/\u00a0visualisations de vid\u00e9os ainsi que des indications sur la proportion d\u2019hommes\u00a0\/\u00a0de femmes parmi nos fans\u00a0\/\u00a0followers.<\/p><p>Les statistiques ne contiennent que des donn\u00e9es agr\u00e9g\u00e9es et ne peuvent pas \u00eatre rapport\u00e9es \u00e0 des personnes en particulier. Elles ne nous permettent pas de vous identifier.<\/p>\t\t\t\t\t\t\t\t<\/div>\n\t\t\t\t<\/div>\n\t\t\t\t<div class=\"elementor-element elementor-element-ddbef9b elementor-widget elementor-widget-text-editor\" data-id=\"ddbef9b\" data-element_type=\"widget\" data-e-type=\"widget\" data-widget_type=\"text-editor.default\">\n\t\t\t\t<div class=\"elementor-widget-container\">\n\t\t\t\t\t\t\t\t\t<p><strong>Quelles sont les donn<\/strong><strong>\u00e9<\/strong><strong>es que les r<\/strong><strong>\u00e9<\/strong><strong>seaux sociaux traitent <\/strong><strong>\u00e0<\/strong><strong> votre sujet ?<\/strong><\/p><p>Pour pouvoir consulter les contenus de nos pages de fans ou de nos comptes, vous n&#8217;avez pas besoin d&#8217;\u00eatre membre du r\u00e9seau social concern\u00e9 ni de disposer d&#8217;un compte utilisateur pour le r\u00e9seau social en question.<\/p><p>Veuillez toutefois noter que les r\u00e9seaux sociaux collectent et enregistrent \u00e9galement des donn\u00e9es des visiteurs du site web ne disposant pas de compte d&#8217;utilisateur lors de l&#8217;appel du r\u00e9seau social respectif (par ex. donn\u00e9es techniques pour pouvoir vous afficher le site web) et utilisent des cookies et des technologies similaires, sur lesquels nous n&#8217;avons aucune influence. Pour plus de d\u00e9tails \u00e0 ce sujet, veuillez consulter la politique de confidentialit\u00e9 du r\u00e9seau social concern\u00e9 (voir les liens correspondants ci-dessus)<\/p><p>Dans la mesure o\u00f9 vous souhaitez interagir avec les contenus de nos pages\u00a0\/\u00a0comptes de fans, par exemple commenter, partager ou liker nos posts\u00a0\/\u00a0contributions et\u00a0\/\u00a0ou prendre contact avec nous via les fonctions Messenger, une inscription pr\u00e9alable aupr\u00e8s du r\u00e9seau social concern\u00e9 et la communication de donn\u00e9es \u00e0 caract\u00e8re personnel sont n\u00e9cessaires.<\/p><p>Nous n&#8217;avons aucune influence sur le traitement des donn\u00e9es par les r\u00e9seaux sociaux dans le cadre de votre utilisation. \u00c0 notre connaissance, vos donn\u00e9es sont enregistr\u00e9es et trait\u00e9es en particulier dans le cadre de la mise \u00e0 disposition des services du r\u00e9seau social concern\u00e9, ainsi que pour l\u2019analyse du comportement d\u2019utilisation (en utilisant des cookies, des pixels\u00a0\/\u00a0balises web et des technologies similaires), sur la base desquels de la publicit\u00e9 bas\u00e9e sur vos int\u00e9r\u00eats est diffus\u00e9e aussi bien \u00e0 l\u2019int\u00e9rieur qu\u2019\u00e0 l\u2019ext\u00e9rieur du r\u00e9seau social concern\u00e9. Il ne peut pas \u00eatre exclu que vos donn\u00e9es soient enregistr\u00e9es par les r\u00e9seaux sociaux en dehors de l\u2019UE\u00a0\/\u00a0EEE et qu&#8217;elles soient transmises \u00e0 des tiers.<\/p><p>Vous trouverez des informations, entre autres, sur l\u2019\u00e9tendue exacte et les finalit\u00e9s du traitement de vos donn\u00e9es \u00e0 caract\u00e8re personnel, la dur\u00e9e de stockage\u00a0\/\u00a0la suppression ainsi que des directives sur l\u2019utilisation de cookies et de technologies similaires dans le cadre de l\u2019enregistrement et de l\u2019utilisation des r\u00e9seaux sociaux dans les dispositions relatives \u00e0 la protection des donn\u00e9es\u00a0\/\u00a0directives relatives aux cookies des r\u00e9seaux sociaux. Vous y trouverez \u00e9galement des informations sur vos droits et les possibilit\u00e9s d&#8217;opposition.<\/p>\t\t\t\t\t\t\t\t<\/div>\n\t\t\t\t<\/div>\n\t\t\t\t<div class=\"elementor-element elementor-element-1267437 elementor-widget elementor-widget-heading\" data-id=\"1267437\" data-element_type=\"widget\" data-e-type=\"widget\" data-widget_type=\"heading.default\">\n\t\t\t\t<div class=\"elementor-widget-container\">\n\t\t\t\t\t<h2 class=\"elementor-heading-title elementor-size-default\">Page Facebook<\/h2>\t\t\t\t<\/div>\n\t\t\t\t<\/div>\n\t\t\t\t<div class=\"elementor-element elementor-element-3c0eb7e elementor-widget elementor-widget-text-editor\" data-id=\"3c0eb7e\" data-element_type=\"widget\" data-e-type=\"widget\" data-widget_type=\"text-editor.default\">\n\t\t\t\t<div class=\"elementor-widget-container\">\n\t\t\t\t\t\t\t\t\t<p>Lorsque vous visitez notre page Facebook, Facebook (Meta) collecte entre autres votre adresse IP ainsi que d&#8217;autres informations pr\u00e9sentes sur votre PC sous forme de cookies. Ces informations sont utilis\u00e9es pour nous fournir, en tant qu&#8217;exploitant des pages Facebook, des informations statistiques sur l&#8217;utilisation de la page Facebook. Facebook met \u00e0 disposition de plus amples informations \u00e0 ce sujet sous le lien suivant\u00a0: <a href=\"https:\/\/facebook.com\/help\/pages\/insights\" target=\"_blank\" rel=\"noopener\">https:\/\/facebook.com\/help\/pages\/insights<\/a>.<\/p><p>Les informations statistiques transmises ne nous permettent pas de tirer des conclusions sur les utilisateurs individuels. Nous les utilisons uniquement pour pouvoir r\u00e9pondre aux int\u00e9r\u00eats de nos utilisateurs et pour am\u00e9liorer continuellement notre pr\u00e9sence en ligne et en assurer la qualit\u00e9.<\/p><p>Nous collectons vos donn\u00e9es via notre page fan uniquement pour r\u00e9aliser une \u00e9ventuelle mise \u00e0 disposition pour la communication et l&#8217;interaction avec nous. Cette collecte comprend en r\u00e8gle g\u00e9n\u00e9rale votre nom, le contenu des messages, le contenu des commentaires ainsi que les informations de profil que vous avez mises \u00e0 disposition \u00ab\u00a0publiquement\u00a0\u00bb.<\/p><p>Le traitement de vos donn\u00e9es \u00e0 caract\u00e8re personnel aux fins susmentionn\u00e9es s\u2019effectue sur la base de notre int\u00e9r\u00eat l\u00e9gitime en mati\u00e8re de gestion et de communication pour l\u2019offre d\u2019un canal d\u2019information et de communication conform\u00e9ment \u00e0 l\u2019art. 6, paragraphe 1 f) du RGPD. Si, en tant qu\u2019utilisateur, vous avez donn\u00e9 votre consentement au fournisseur du r\u00e9seau social concern\u00e9 pour le traitement des donn\u00e9es, la base juridique du traitement s\u2019\u00e9tend \u00e0 l\u2019art. 6, paragraphe 1 a), art. 7 du RGPD.<\/p><p>En raison du fait que le traitement des donn\u00e9es proprement dit est effectu\u00e9 par le fournisseur du r\u00e9seau social, nos possibilit\u00e9s d\u2019acc\u00e8s \u00e0 vos donn\u00e9es sont limit\u00e9es. Seul le fournisseur du r\u00e9seau social est habilit\u00e9 \u00e0 acc\u00e9der \u00e0 l&#8217;int\u00e9gralit\u00e9 de vos donn\u00e9es. Par cons\u00e9quent, seul le fournisseur peut prendre et mettre en \u0153uvre directement les mesures n\u00e9cessaires pour satisfaire vos droits d\u2019utilisateur (demande de renseignements, demande d\u2019effacement, opposition, etc.). L\u2019exercice des droits correspondants s\u2019effectue donc avec le plus d\u2019efficacit\u00e9 directement aupr\u00e8s du fournisseur concern\u00e9.<\/p><p>Nous sommes responsables, conjointement avec Facebook, des contenus \u00e0 caract\u00e8re personnel de la page fan. Les droits des personnes concern\u00e9es peuvent \u00eatre exerc\u00e9s aupr\u00e8s de Meta Platforms Ireland Ltd. ainsi qu&#8217;aupr\u00e8s de nous.<\/p><p>Conform\u00e9ment au RGPD, la responsabilit\u00e9 primaire du traitement des donn\u00e9es Insights incombe \u00e0 Facebook et Facebook remplit toutes les obligations d\u00e9coulant du RGPD en ce qui concerne le traitement des donn\u00e9es Insights, Meta Platforms Ireland Ltd. met l&#8217;essentiel du suppl\u00e9ment Insights de la page \u00e0 la disposition des personnes concern\u00e9es.<\/p><p>Nous ne prenons aucune d\u00e9cision concernant le traitement des donn\u00e9es Insights et la dur\u00e9e de conservation des cookies sur les terminaux des utilisateurs.<\/p><p>Vous trouverez d\u2019autres indications directement sur Facebook (accord compl\u00e9mentaire avec Facebook)\u00a0: <a href=\"https:\/\/www.facebook.com\/legal\/terms\/page_controller_addendum\" target=\"_blank\" rel=\"noopener\">https:\/\/www.facebook.com\/legal\/terms\/page_controller_addendum<\/a>.<\/p><p>Vous trouverez plus d\u2019informations, entre autres, sur l\u2019\u00e9tendue exacte et les finalit\u00e9s du traitement de vos donn\u00e9es \u00e0 caract\u00e8re personnel, la dur\u00e9e de stockage\u00a0\/\u00a0la suppression ainsi que des directives sur l\u2019utilisation de cookies et de technologies similaires dans le cadre de l\u2019enregistrement et de l\u2019utilisation dans les dispositions relatives \u00e0 la protection des donn\u00e9es\u00a0\/\u00a0directives relatives aux cookies de Facebook\u00a0:<br \/><a href=\"https:\/\/www.facebook.com\/privacy\/policy\/?entry_point=data_policy_redirect&amp;amp;entry=0\" target=\"_blank\" rel=\"noopener\">https:\/\/www.facebook.com\/privacy\/policy\/?entry_point=data_policy_redirect&amp;entry=0<\/a><br \/><a href=\"https:\/\/www.facebook.com\/policies\/cookies\" target=\"_blank\" rel=\"noopener\">https:\/\/www.facebook.com\/policies\/cookies<\/a><\/p>\t\t\t\t\t\t\t\t<\/div>\n\t\t\t\t<\/div>\n\t\t\t\t<div class=\"elementor-element elementor-element-892ed45 elementor-widget elementor-widget-heading\" data-id=\"892ed45\" data-element_type=\"widget\" data-e-type=\"widget\" data-widget_type=\"heading.default\">\n\t\t\t\t<div class=\"elementor-widget-container\">\n\t\t\t\t\t<h2 class=\"elementor-heading-title elementor-size-default\">Page Instagram<\/h2>\t\t\t\t<\/div>\n\t\t\t\t<\/div>\n\t\t\t\t<div class=\"elementor-element elementor-element-f52f14a elementor-widget elementor-widget-text-editor\" data-id=\"f52f14a\" data-element_type=\"widget\" data-e-type=\"widget\" data-widget_type=\"text-editor.default\">\n\t\t\t\t<div class=\"elementor-widget-container\">\n\t\t\t\t\t\t\t\t\t<p>Lorsque vous visitez notre page Instagram, Instagram collecte entre autres votre adresse IP ainsi que d&#8217;autres informations pr\u00e9sentes sur votre PC sous forme de cookies. Ces informations sont utilis\u00e9es pour nous fournir, en tant qu\u2019exploitant des pages Instagram, des informations statistiques sur l\u2019utilisation de la page Instagram. Instagram met \u00e0 disposition de plus amples informations \u00e0 ce sujet sous le lien suivant\u00a0: <a href=\"https:\/\/facebook.com\/help\/pages\/insights\" target=\"_blank\" rel=\"noopener\">https:\/\/facebook.com\/help\/pages\/insights<\/a>.<\/p><p>Les informations statistiques transmises ne nous permettent pas de tirer des conclusions sur les utilisateurs individuels. Nous les utilisons uniquement pour pouvoir r\u00e9pondre aux int\u00e9r\u00eats de nos utilisateurs et pour am\u00e9liorer continuellement notre pr\u00e9sence en ligne et en assurer la qualit\u00e9.<\/p><p>Nous collectons vos donn\u00e9es via notre page fan uniquement pour r\u00e9aliser une \u00e9ventuelle mise \u00e0 disposition pour la communication et l&#8217;interaction avec nous. Cette collecte comprend en r\u00e8gle g\u00e9n\u00e9rale votre nom, le contenu des messages, le contenu des commentaires ainsi que les informations de profil que vous avez mises \u00e0 disposition \u00ab\u00a0publiquement\u00a0\u00bb.<\/p><p>Le traitement de vos donn\u00e9es \u00e0 caract\u00e8re personnel aux fins susmentionn\u00e9es s\u2019effectue sur la base de notre int\u00e9r\u00eat l\u00e9gitime en mati\u00e8re de gestion et de communication pour l\u2019offre d\u2019un canal d\u2019information et de communication conform\u00e9ment \u00e0 l\u2019art. 6, paragraphe 1 f) du RGPD. Si, en tant qu\u2019utilisateur, vous avez donn\u00e9 votre consentement au fournisseur du r\u00e9seau social concern\u00e9 pour le traitement des donn\u00e9es, la base juridique du traitement s\u2019\u00e9tend \u00e0 l\u2019art. 6, paragraphe 1 a), art. 7 du RGPD.<\/p><p>En raison du fait que le traitement des donn\u00e9es proprement dit est effectu\u00e9 par le fournisseur du r\u00e9seau social, nos possibilit\u00e9s d\u2019acc\u00e8s \u00e0 vos donn\u00e9es sont limit\u00e9es. Seul le fournisseur du r\u00e9seau social est habilit\u00e9 \u00e0 acc\u00e9der \u00e0 l&#8217;int\u00e9gralit\u00e9 de vos donn\u00e9es. Par cons\u00e9quent, seul le fournisseur peut prendre et mettre en \u0153uvre directement les mesures n\u00e9cessaires pour satisfaire vos droits d\u2019utilisateur (demande de renseignements, demande d\u2019effacement, opposition, etc.). L\u2019exercice des droits correspondants s\u2019effectue donc avec le plus d\u2019efficacit\u00e9 directement aupr\u00e8s du fournisseur concern\u00e9.<\/p><p>Nous sommes responsables, conjointement avec Instagram, des contenus \u00e0 caract\u00e8re personnel de la page fan. Les droits des personnes concern\u00e9es peuvent \u00eatre exerc\u00e9s aupr\u00e8s de Facebook Ireland ainsi qu&#8217;aupr\u00e8s de nous.<\/p><p>Conform\u00e9ment au RGPD, la responsabilit\u00e9 primaire du traitement des donn\u00e9es Insights incombe \u00e0 Instagram et Instagram remplit toutes les obligations d\u00e9coulant du RGPD en ce qui concerne le traitement des donn\u00e9es Insights, Facebook Ireland met l&#8217;essentiel du suppl\u00e9ment Insights de la page \u00e0 la disposition des personnes concern\u00e9es.<\/p><p>Nous ne prenons aucune d\u00e9cision concernant le traitement des donn\u00e9es Insights et toutes les autres informations d\u00e9coulant de l&#8217;article 13 du RGPD, y compris la base juridique, l&#8217;identit\u00e9 du responsable du traitement et la dur\u00e9e de conservation des cookies sur les terminaux des utilisateurs.<\/p><p>Vous trouverez d\u2019autres indications directement sur Instagram (accord compl\u00e9mentaire avec Facebook): <a href=\"https:\/\/www.facebook.com\/legal\/terms\/page_controller_addendum\" target=\"_blank\" rel=\"noopener\">https:\/\/www.facebook.com\/legal\/terms\/page_controller_addendum<\/a>.<\/p>\t\t\t\t\t\t\t\t<\/div>\n\t\t\t\t<\/div>\n\t\t\t\t<div class=\"elementor-element elementor-element-6980701 elementor-widget elementor-widget-heading\" data-id=\"6980701\" data-element_type=\"widget\" data-e-type=\"widget\" data-widget_type=\"heading.default\">\n\t\t\t\t<div class=\"elementor-widget-container\">\n\t\t\t\t\t<h2 class=\"elementor-heading-title elementor-size-default\">Page LinkedIn<\/h2>\t\t\t\t<\/div>\n\t\t\t\t<\/div>\n\t\t\t\t<div class=\"elementor-element elementor-element-0320a64 elementor-widget elementor-widget-text-editor\" data-id=\"0320a64\" data-element_type=\"widget\" data-e-type=\"widget\" data-widget_type=\"text-editor.default\">\n\t\t\t\t<div class=\"elementor-widget-container\">\n\t\t\t\t\t\t\t\t\t<p>LinkedIn est un r\u00e9seau social de LinkedIn Inc., dont le si\u00e8ge se trouve \u00e0 Sunnyvale, Californie, USA, qui permet la cr\u00e9ation de profils priv\u00e9s et professionnels de personnes physiques et de profils d&#8217;entreprises. Les utilisateurs peuvent entretenir leurs contacts existants et en cr\u00e9er de nouveaux au sein du r\u00e9seau social. Les entreprises et d\u2019autres organisations peuvent cr\u00e9er des profils sur lesquels des photos et d&#8217;autres informations sur l&#8217;entreprise sont t\u00e9l\u00e9charg\u00e9es afin de se pr\u00e9senter comme employeur et de recruter des collaborateurs. Les autres utilisateurs de LinkedIn ont acc\u00e8s \u00e0 ces informations et peuvent \u00e9crire leurs propres articles et partager ce contenu avec des tiers. Le r\u00e9seau met l&#8217;accent sur l&#8217;\u00e9change professionnel sur des sujets sp\u00e9cialis\u00e9s avec des personnes qui partagent les m\u00eames int\u00e9r\u00eats professionnels.<\/p><p>Lors de l&#8217;utilisation ou de la visite du r\u00e9seau, LinkedIn collecte automatiquement des donn\u00e9es sur les utilisateurs ou les visiteurs, par exemple le nom d&#8217;utilisateur, le titre du poste et l&#8217;adresse IP. Cela s\u2019effectue \u00e0 l\u2019aide de diff\u00e9rentes technologies de tracking. LinkedIn met \u00e0 la disposition des utilisateurs des informations, des offres et des recommandations, entre autres, sur la base des donn\u00e9es ainsi collect\u00e9es.<\/p><p>Nous collectons vos donn\u00e9es via notre profil d&#8217;entreprise uniquement pour r\u00e9aliser une \u00e9ventuelle mise \u00e0 disposition pour la communication et l&#8217;interaction avec nous. Cette collecte comprend en r\u00e8gle g\u00e9n\u00e9rale votre nom, le contenu des messages, le contenu des commentaires ainsi que les informations de profil que vous avez mises \u00e0 disposition \u00ab\u00a0publiquement\u00a0\u00bb.<\/p><p>Le traitement de vos donn\u00e9es \u00e0 caract\u00e8re personnel aux fins susmentionn\u00e9es s\u2019effectue sur la base de notre int\u00e9r\u00eat l\u00e9gitime en mati\u00e8re de gestion et de communication pour l\u2019offre d\u2019un canal d\u2019information et de communication conform\u00e9ment \u00e0 l\u2019art. 6, paragraphe 1 f) du RGPD. Si, en tant qu\u2019utilisateur, vous avez donn\u00e9 votre consentement au fournisseur du r\u00e9seau social concern\u00e9 pour le traitement des donn\u00e9es, la base juridique du traitement s\u2019\u00e9tend \u00e0 l\u2019art. 6, paragraphe 1 a), art. 7 du RGPD.<\/p><p>En raison du fait que le traitement des donn\u00e9es proprement dit est effectu\u00e9 par le fournisseur du r\u00e9seau social, nos possibilit\u00e9s d\u2019acc\u00e8s \u00e0 vos donn\u00e9es sont limit\u00e9es. Seul le fournisseur du r\u00e9seau social est habilit\u00e9 \u00e0 acc\u00e9der \u00e0 l&#8217;int\u00e9gralit\u00e9 de vos donn\u00e9es. Par cons\u00e9quent, seul le fournisseur peut prendre et mettre en \u0153uvre directement les mesures n\u00e9cessaires pour satisfaire vos droits d\u2019utilisateur (demande de renseignements, demande d\u2019effacement, opposition, etc.). L\u2019exercice des droits correspondants s\u2019effectue donc avec le plus d\u2019efficacit\u00e9 directement aupr\u00e8s du fournisseur concern\u00e9.<\/p><p>Nous sommes responsables, conjointement avec LinkedIn, des contenus \u00e0 caract\u00e8re personnel de de notre profil d&#8217;entreprise. Les droits des personnes concern\u00e9es peuvent \u00eatre exerc\u00e9s aupr\u00e8s de LinkedIn Inc. ainsi qu&#8217;aupr\u00e8s de nous.<\/p><p>Nous ne prenons aucune d\u00e9cision concernant les donn\u00e9es collect\u00e9es sur le site de LinkedIn au moyen de technologies de tracking.<\/p><p>Vous trouverez de plus amples informations sur LinkedIn en cliquant sur le lien suivant\u00a0: <a href=\"https:\/\/about.linkedin.com\" target=\"_blank\" rel=\"noopener\">https:\/\/about.linkedin.com<\/a>.<\/p><p>Pour plus d\u2019informations sur la protection des donn\u00e9es chez LinkedIn, cliquez sur le lien suivant\u00a0: <a href=\"https:\/\/www.linkedin.com\/legal\/privacy-policy\" target=\"_blank\" rel=\"noopener\">https:\/\/www.linkedin.com\/legal\/privacy-policy<\/a>.<\/p><p>Pour plus d\u2019informations sur la dur\u00e9e de conservation\u00a0\/\u00a0suppression et les directives relatives \u00e0 l\u2019utilisation de cookies et de technologies similaires dans le cadre de l\u2019inscription et de l\u2019utilisation sur\u00a0 LinkedIn, cliquez sur le lien suivant\u00a0: <a href=\"https:\/\/de.linkedin.com\/legal\/cookie-policy?trk=homepage-basic_footer-cookie-policy\" target=\"_blank\" rel=\"noopener\">https:\/\/de.linkedin.com\/legal\/cookie-policy?trk=homepage-basic_footer-cookie-policy<\/a>.<\/p>\t\t\t\t\t\t\t\t<\/div>\n\t\t\t\t<\/div>\n\t\t\t\t<div class=\"elementor-element elementor-element-56becec elementor-widget elementor-widget-heading\" data-id=\"56becec\" data-element_type=\"widget\" data-e-type=\"widget\" data-widget_type=\"heading.default\">\n\t\t\t\t<div class=\"elementor-widget-container\">\n\t\t\t\t\t<h2 class=\"elementor-heading-title elementor-size-default\">Page XING<\/h2>\t\t\t\t<\/div>\n\t\t\t\t<\/div>\n\t\t\t\t<div class=\"elementor-element elementor-element-d8643b6 elementor-widget elementor-widget-text-editor\" data-id=\"d8643b6\" data-element_type=\"widget\" data-e-type=\"widget\" data-widget_type=\"text-editor.default\">\n\t\t\t\t<div class=\"elementor-widget-container\">\n\t\t\t\t\t\t\t\t\t<p>XING est un r\u00e9seau social de XING SE, dont le si\u00e8ge est \u00e0 Hambourg, Allemagne, qui permet de cr\u00e9er des profils priv\u00e9s et professionnels. Les utilisateurs peuvent entretenir leurs contacts existants et en cr\u00e9er des nouveaux. Les entreprises peuvent cr\u00e9er des profils sur lesquels des photos et d&#8217;autres informations sur l&#8217;entreprise sont t\u00e9l\u00e9charg\u00e9es. Les autres utilisateurs de XING ont acc\u00e8s \u00e0 ces informations et peuvent \u00e9crire leurs propres articles et partager ce contenu avec des tiers.<\/p><p>L\u2019accent est mis sur les \u00e9changes professionnels sur des sujets sp\u00e9cialis\u00e9s avec des personnes qui partagent les m\u00eames int\u00e9r\u00eats professionnels. Par ailleurs, XING est souvent utilis\u00e9 par les entreprises et autres organisations pour recruter des collaborateurs et se pr\u00e9senter comme un employeur int\u00e9ressant.<\/p><p>Vous trouverez de plus amples informations sur XING en cliquant sur le lien suivant\u00a0: <a href=\"https:\/\/corporate.xing.com\/de\/unternehmen\/\" target=\"_blank\" rel=\"noopener\">https:\/\/corporate.xing.com\/de\/unternehmen\/<\/a><\/p><p>Pour plus d\u2019informations sur la protection des donn\u00e9es chez XING, cliquez sur le lien suivant\u00a0: <a href=\"https:\/\/privacy.xing.com\/de\/datenschutzerklaerung\" target=\"_blank\" rel=\"noopener\">https:\/\/privacy.xing.com\/de\/datenschutzerklaerung<\/a>.<\/p><p>Nous ne collectons et ne traitons aucune donn\u00e9e \u00e0 caract\u00e8re personnel via notre page entreprise XING.<\/p>\t\t\t\t\t\t\t\t<\/div>\n\t\t\t\t<\/div>\n\t\t\t\t<div class=\"elementor-element elementor-element-a04ed3e elementor-widget elementor-widget-heading\" data-id=\"a04ed3e\" data-element_type=\"widget\" data-e-type=\"widget\" data-widget_type=\"heading.default\">\n\t\t\t\t<div class=\"elementor-widget-container\">\n\t\t\t\t\t<h2 class=\"elementor-heading-title elementor-size-default\">Google Analytics<\/h2>\t\t\t\t<\/div>\n\t\t\t\t<\/div>\n\t\t\t\t<div class=\"elementor-element elementor-element-1d61a86 elementor-widget elementor-widget-text-editor\" data-id=\"1d61a86\" data-element_type=\"widget\" data-e-type=\"widget\" data-widget_type=\"text-editor.default\">\n\t\t\t\t<div class=\"elementor-widget-container\">\n\t\t\t\t\t\t\t\t\t<p><strong>Type et <\/strong><strong>\u00e9<\/strong><strong>tendue du traitement<\/strong><\/p><p>Nous utilisons Google Analytics de Google Ireland Limited, Gordon House, Barrow Street, Dublin 4, Irlande, comme service d&#8217;analyse pour l&#8217;\u00e9valuation statistique de notre offre en ligne. Celle-ci comprend par exemple le nombre d&#8217;appels de notre offre en ligne, les sous-pages visit\u00e9es et la dur\u00e9e de s\u00e9jour des visiteurs.<\/p><p>Google Analytics utilise des cookies et d&#8217;autres technologies de navigation afin d&#8217;\u00e9valuer le comportement des utilisateurs et de les reconna\u00eetre.<\/p><p>Ces informations sont utilis\u00e9es, entre autres, pour \u00e9tablir des rapports sur l&#8217;activit\u00e9 du site web.<\/p>\t\t\t\t\t\t\t\t<\/div>\n\t\t\t\t<\/div>\n\t\t\t\t<div class=\"elementor-element elementor-element-f246a2e elementor-widget elementor-widget-text-editor\" data-id=\"f246a2e\" data-element_type=\"widget\" data-e-type=\"widget\" data-widget_type=\"text-editor.default\">\n\t\t\t\t<div class=\"elementor-widget-container\">\n\t\t\t\t\t\t\t\t\t<p><strong>Finalit<\/strong><strong>\u00e9<\/strong><strong> et base juridique<\/strong><\/p><p>L\u2019utilisation de Google Analytics se fait sur la base de votre consentement conform\u00e9ment \u00e0 l\u2019art. 6, paragraphe 1, lettre a) RGPD et art. 25, alin\u00e9a 1 TDDDG.<\/p><p>Nous avons l&#8217;intention de transmettre des donn\u00e9es \u00e0 caract\u00e8re personnel \u00e0 des pays tiers en dehors de l&#8217;Espace \u00e9conomique europ\u00e9en, notamment aux \u00c9tats-Unis. Le transfert de donn\u00e9es vers les \u00c9tats-Unis est effectu\u00e9 conform\u00e9ment \u00e0 l&#8217;article 45, paragraphe 1 du RGPD, sur la base de la d\u00e9cision d&#8217;ad\u00e9quation de la Commission europ\u00e9enne. Les entreprises am\u00e9ricaines impliqu\u00e9es et\u00a0\/\u00a0ou leurs sous-traitants am\u00e9ricains sont certifi\u00e9s selon le cadre de protection des donn\u00e9es UE-U.S. (DPF EU-USA).<\/p><p>Dans les cas o\u00f9 il n\u2019existe pas de d\u00e9cision d\u2019ad\u00e9quation de la Commission europ\u00e9enne (y compris pour les entreprises am\u00e9ricaines qui ne sont pas certifi\u00e9es selon le DPF UE-USA), nous avons mis en place d\u2019autres garanties appropri\u00e9es avec les destinataires des donn\u00e9es, conform\u00e9ment \u00e0 l\u2019article 44 et suivants du RGPD. Il s&#8217;agit &#8211; sauf indication contraire &#8211; de clauses contractuelles types de la Commission europ\u00e9enne conform\u00e9ment \u00e0 la d\u00e9cision d&#8217;ex\u00e9cution (UE) 2021\/914 du 4 juin 2021. Vous pouvez consulter une copie de ces clauses contractuelles types \u00e0 l\u2019adresse <a href=\"https:\/\/eur-lex.europa.eu\/legal-content\/DE\/TXT\/HTML\/?uri=CELEX:32021D0914&amp;amp;from=DE\" target=\"_blank\" rel=\"noopener\">https:\/\/eur-lex.europa.eu\/legal-content\/DE\/TXT\/HTML\/?uri=CELEX:32021D0914&amp;from=DE<\/a>.<\/p><p>En outre, avant un tel transfert vers un pays tiers, nous demandons votre consentement conform\u00e9ment \u00e0 l\u2019article 49, par. 1, phrase 1, lettre a) du RGPD, que vous donnez par le biais du consentement dans le Consent Manager (ou autres formulaires, enregistrements, etc.). Nous attirons votre attention sur le fait qu&#8217;il peut exister des risques inconnus dans le d\u00e9tail lors de transferts vers des pays tiers (par ex. le traitement des donn\u00e9es par les autorit\u00e9s de s\u00e9curit\u00e9 du pays tiers, dont nous ne connaissons pas l&#8217;\u00e9tendue exacte et les cons\u00e9quences pour vous, sur lesquelles nous n&#8217;avons aucune influence et dont vous pouvez ne pas avoir connaissance).<\/p>\t\t\t\t\t\t\t\t<\/div>\n\t\t\t\t<\/div>\n\t\t\t\t<div class=\"elementor-element elementor-element-1a5049d elementor-widget elementor-widget-text-editor\" data-id=\"1a5049d\" data-element_type=\"widget\" data-e-type=\"widget\" data-widget_type=\"text-editor.default\">\n\t\t\t\t<div class=\"elementor-widget-container\">\n\t\t\t\t\t\t\t\t\t<p><strong>Dur<\/strong><strong>\u00e9<\/strong><strong>e de stockage<\/strong><\/p><p>Nous n&#8217;avons aucune influence sur la dur\u00e9e concr\u00e8te de stockage des donn\u00e9es trait\u00e9es, qui est d\u00e9termin\u00e9e par Google Ireland Limited. Vous trouverez de plus amples informations dans la d\u00e9claration de protection des donn\u00e9es pour Google Analytics: https:\/\/policies.google.com\/privacy.<\/p>\t\t\t\t\t\t\t\t<\/div>\n\t\t\t\t<\/div>\n\t\t\t\t<div class=\"elementor-element elementor-element-e69d3f8 elementor-widget elementor-widget-heading\" data-id=\"e69d3f8\" data-element_type=\"widget\" data-e-type=\"widget\" data-widget_type=\"heading.default\">\n\t\t\t\t<div class=\"elementor-widget-container\">\n\t\t\t\t\t<h2 class=\"elementor-heading-title elementor-size-default\">Google Tag Manager<\/h2>\t\t\t\t<\/div>\n\t\t\t\t<\/div>\n\t\t\t\t<div class=\"elementor-element elementor-element-9db3ee1 elementor-widget elementor-widget-text-editor\" data-id=\"9db3ee1\" data-element_type=\"widget\" data-e-type=\"widget\" data-widget_type=\"text-editor.default\">\n\t\t\t\t<div class=\"elementor-widget-container\">\n\t\t\t\t\t\t\t\t\t<p><strong>Type et <\/strong><strong>\u00e9<\/strong><strong>tendue du traitement<\/strong><\/p><p>Nous utilisons le Google Tag Manager de Google Ireland Limited, Gordon House, Barrow Street, Dublin 4, Irlande. Google Tag Manager est utilis\u00e9 pour g\u00e9rer les balises de site web via une interface et nous permet de contr\u00f4ler l\u2019int\u00e9gration pr\u00e9cise des services sur notre site web.<\/p><p>Cela nous permet d&#8217;int\u00e9grer de mani\u00e8re flexible des services suppl\u00e9mentaires afin d&#8217;\u00e9valuer l&#8217;acc\u00e8s des utilisateurs \u00e0 notre site web.<\/p>\t\t\t\t\t\t\t\t<\/div>\n\t\t\t\t<\/div>\n\t\t\t\t<div class=\"elementor-element elementor-element-ed23c0b elementor-widget elementor-widget-text-editor\" data-id=\"ed23c0b\" data-element_type=\"widget\" data-e-type=\"widget\" data-widget_type=\"text-editor.default\">\n\t\t\t\t<div class=\"elementor-widget-container\">\n\t\t\t\t\t\t\t\t\t<p><strong>Finalit<\/strong><strong>\u00e9<\/strong><strong> et base juridique<\/strong><\/p><p>L\u2019utilisation de Google Tag Manager se fait sur la base de votre consentement conform\u00e9ment \u00e0 l\u2019art. 6, paragraphe 1, lettre a) RGPD et art. 25, alin\u00e9a 1 TDDDG.<\/p><p>Nous avons l&#8217;intention de transmettre des donn\u00e9es \u00e0 caract\u00e8re personnel \u00e0 des pays tiers en dehors de l&#8217;Espace \u00e9conomique europ\u00e9en, notamment aux \u00c9tats-Unis. Le transfert de donn\u00e9es vers les \u00c9tats-Unis est effectu\u00e9 conform\u00e9ment \u00e0 l&#8217;article 45, paragraphe 1 du RGPD, sur la base de la d\u00e9cision d&#8217;ad\u00e9quation de la Commission europ\u00e9enne. Les entreprises am\u00e9ricaines impliqu\u00e9es et\u00a0\/\u00a0ou leurs sous-traitants am\u00e9ricains sont certifi\u00e9s selon le cadre de protection des donn\u00e9es UE-U.S. (DPF EU-USA).<\/p><p>Dans les cas o\u00f9 il n\u2019existe pas de d\u00e9cision d\u2019ad\u00e9quation de la Commission europ\u00e9enne (y compris pour les entreprises am\u00e9ricaines qui ne sont pas certifi\u00e9es selon le DPF UE-USA), nous avons mis en place d\u2019autres garanties appropri\u00e9es avec les destinataires des donn\u00e9es, conform\u00e9ment \u00e0 l\u2019article 44 et suivants du RGPD. Il s&#8217;agit &#8211; sauf indication contraire &#8211; de clauses contractuelles types de la Commission europ\u00e9enne conform\u00e9ment \u00e0 la d\u00e9cision d&#8217;ex\u00e9cution (UE) 2021\/914 du 4 juin 2021. Vous pouvez consulter une copie de ces clauses contractuelles types \u00e0 l&#8217;adresse <a href=\"https:\/\/eur-lex.europa.eu\/legal-content\/DE\/TXT\/HTML\/?uri=CELEX:32021D0914&amp;amp;from=DE\" target=\"_blank\" rel=\"noopener\">https:\/\/eur-lex.europa.eu\/legal-content\/DE\/TXT\/HTML\/?uri=CELEX:32021D0914&amp;from=DE<\/a>.<\/p><p>En outre, avant un tel transfert vers un pays tiers, nous demandons votre consentement conform\u00e9ment \u00e0 l\u2019article 49, par. 1, phrase 1, lettre a) du RGPD, que vous donnez par le biais du consentement dans le Consent Manager (ou autres formulaires, enregistrements, etc.). Nous attirons votre attention sur le fait qu&#8217;il peut exister des risques inconnus dans le d\u00e9tail lors de transferts vers des pays tiers (par ex. le traitement des donn\u00e9es par les autorit\u00e9s de s\u00e9curit\u00e9 du pays tiers, dont nous ne connaissons pas l&#8217;\u00e9tendue exacte et les cons\u00e9quences pour vous, sur lesquelles nous n&#8217;avons aucune influence et dont vous pouvez ne pas avoir connaissance).<\/p>\t\t\t\t\t\t\t\t<\/div>\n\t\t\t\t<\/div>\n\t\t\t\t<div class=\"elementor-element elementor-element-4d890b4 elementor-widget elementor-widget-text-editor\" data-id=\"4d890b4\" data-element_type=\"widget\" data-e-type=\"widget\" data-widget_type=\"text-editor.default\">\n\t\t\t\t<div class=\"elementor-widget-container\">\n\t\t\t\t\t\t\t\t\t<p><strong>Dur<\/strong><strong>\u00e9<\/strong><strong>e de stockage<\/strong><\/p><p>Nous n&#8217;avons aucune influence sur la dur\u00e9e concr\u00e8te de stockage des donn\u00e9es trait\u00e9es, qui est d\u00e9termin\u00e9e par Google Ireland Limited. Vous trouverez de plus amples informations dans la d\u00e9claration de protection des donn\u00e9es pour Google Tag Manager\u00a0: https:\/\/marketingplatform.google.com\/about\/analytics\/tag-manager\/use-policy\/.<\/p>\t\t\t\t\t\t\t\t<\/div>\n\t\t\t\t<\/div>\n\t\t\t\t<div class=\"elementor-element elementor-element-7bf7d70 elementor-widget elementor-widget-heading\" data-id=\"7bf7d70\" data-element_type=\"widget\" data-e-type=\"widget\" data-widget_type=\"heading.default\">\n\t\t\t\t<div class=\"elementor-widget-container\">\n\t\t\t\t\t<h2 class=\"elementor-heading-title elementor-size-default\">Google reCAPTCHA<\/h2>\t\t\t\t<\/div>\n\t\t\t\t<\/div>\n\t\t\t\t<div class=\"elementor-element elementor-element-666c98d elementor-widget elementor-widget-text-editor\" data-id=\"666c98d\" data-element_type=\"widget\" data-e-type=\"widget\" data-widget_type=\"text-editor.default\">\n\t\t\t\t<div class=\"elementor-widget-container\">\n\t\t\t\t\t\t\t\t\t<p><strong>Type et <\/strong><strong>\u00e9<\/strong><strong>tendue du traitement<\/strong><\/p><p>Nous avons int\u00e9gr\u00e9 des composants de Google reCAPTCHA sur notre site web. Google reCAPTCHA est un service de Google Ireland Limited et nous permet de distinguer si une demande de contact provient d&#8217;une personne physique ou si elle est automatis\u00e9e au moyen d&#8217;un programme. Lorsque vous acc\u00e9dez \u00e0 ces contenus, vous vous connectez aux serveurs de Google Ireland Limited, Gordon House, Barrow Street, Dublin 4, Irlande, et votre adresse IP et, le cas \u00e9ch\u00e9ant, les donn\u00e9es du navigateur telles que votre agent utilisateur sont transmises. Par ailleurs, Google reCAPTCHA enregistre la dur\u00e9e de la visite et les mouvements de la souris de l\u2019utilisateur afin de faire la distinction entre les demandes automatis\u00e9es et les demandes humaines. Ces donn\u00e9es sont trait\u00e9es exclusivement aux fins susmentionn\u00e9es et pour maintenir la s\u00e9curit\u00e9 et la fonctionnalit\u00e9 de Google reCAPTCHA.<\/p>\t\t\t\t\t\t\t\t<\/div>\n\t\t\t\t<\/div>\n\t\t\t\t<div class=\"elementor-element elementor-element-1c65237 elementor-widget elementor-widget-text-editor\" data-id=\"1c65237\" data-element_type=\"widget\" data-e-type=\"widget\" data-widget_type=\"text-editor.default\">\n\t\t\t\t<div class=\"elementor-widget-container\">\n\t\t\t\t\t\t\t\t\t<p><strong>Finalit<\/strong><strong>\u00e9<\/strong><strong> et base juridique<\/strong><\/p><p>L\u2019utilisation de Google reCAPTCHA se fait sur la base de votre consentement conform\u00e9ment \u00e0 l\u2019art. 6, paragraphe 1, lettre a) RGPD et art. 25, alin\u00e9a 1 TDDDG.<\/p><p>Nous avons l&#8217;intention de transmettre des donn\u00e9es \u00e0 caract\u00e8re personnel \u00e0 des pays tiers en dehors de l&#8217;Espace \u00e9conomique europ\u00e9en, notamment aux \u00c9tats-Unis. Le transfert de donn\u00e9es vers les \u00c9tats-Unis est effectu\u00e9 conform\u00e9ment \u00e0 l&#8217;article 45, paragraphe 1 du RGPD, sur la base de la d\u00e9cision d&#8217;ad\u00e9quation de la Commission europ\u00e9enne. Les entreprises am\u00e9ricaines impliqu\u00e9es et\u00a0\/\u00a0ou leurs sous-traitants am\u00e9ricains sont certifi\u00e9s selon le cadre de protection des donn\u00e9es UE-U.S. (DPF EU-USA).<\/p><p>Dans les cas o\u00f9 il n\u2019existe pas de d\u00e9cision d\u2019ad\u00e9quation de la Commission europ\u00e9enne (y compris pour les entreprises am\u00e9ricaines qui ne sont pas certifi\u00e9es selon le DPF UE-USA), nous avons mis en place d\u2019autres garanties appropri\u00e9es avec les destinataires des donn\u00e9es, conform\u00e9ment \u00e0 l\u2019article 44 et suivants du RGPD. Il s&#8217;agit &#8211; sauf indication contraire &#8211; de clauses contractuelles types de la Commission europ\u00e9enne conform\u00e9ment \u00e0 la d\u00e9cision d&#8217;ex\u00e9cution (UE) 2021\/914 du 4 juin 2021. Vous pouvez consulter une copie de ces clauses contractuelles types \u00e0 l&#8217;adresse <a href=\"https:\/\/eur-lex.europa.eu\/legal-content\/DE\/TXT\/HTML\/?uri=CELEX:32021D0914&amp;amp;from=DE\" target=\"_blank\" rel=\"noopener\">https:\/\/eur-lex.europa.eu\/legal-content\/DE\/TXT\/HTML\/?uri=CELEX:32021D0914&amp;from=DE<\/a>.<\/p><p>En outre, avant un tel transfert vers un pays tiers, nous demandons votre consentement conform\u00e9ment \u00e0 l\u2019article 49, par. 1, phrase 1, lettre a) du RGPD, que vous donnez par le biais du consentement dans le Consent Manager (ou autres formulaires, enregistrements, etc.). Nous attirons votre attention sur le fait qu&#8217;il peut exister des risques inconnus dans le d\u00e9tail lors de transferts vers des pays tiers (par ex. le traitement des donn\u00e9es par les autorit\u00e9s de s\u00e9curit\u00e9 du pays tiers, dont nous ne connaissons pas l&#8217;\u00e9tendue exacte et les cons\u00e9quences pour vous, sur lesquelles nous n&#8217;avons aucune influence et dont vous pouvez ne pas avoir connaissance).<\/p>\t\t\t\t\t\t\t\t<\/div>\n\t\t\t\t<\/div>\n\t\t\t\t<div class=\"elementor-element elementor-element-766e691 elementor-widget elementor-widget-text-editor\" data-id=\"766e691\" data-element_type=\"widget\" data-e-type=\"widget\" data-widget_type=\"text-editor.default\">\n\t\t\t\t<div class=\"elementor-widget-container\">\n\t\t\t\t\t\t\t\t\t<p><strong>Dur<\/strong><strong>\u00e9<\/strong><strong>e de stockage<\/strong><\/p><p>Nous n&#8217;avons aucune influence sur la dur\u00e9e concr\u00e8te de stockage des donn\u00e9es trait\u00e9es, qui est d\u00e9termin\u00e9e par Google Ireland Limited. Vous trouverez de plus amples informations dans la d\u00e9claration de protection des donn\u00e9es pour Google reCAPTCHA\u00a0: https:\/\/policies.google.com\/privacy?hl=en-US.<\/p>\t\t\t\t\t\t\t\t<\/div>\n\t\t\t\t<\/div>\n\t\t\t\t<div class=\"elementor-element elementor-element-63abcd2 elementor-widget elementor-widget-heading\" data-id=\"63abcd2\" data-element_type=\"widget\" data-e-type=\"widget\" data-widget_type=\"heading.default\">\n\t\t\t\t<div class=\"elementor-widget-container\">\n\t\t\t\t\t<h2 class=\"elementor-heading-title elementor-size-default\">Mouseflow CDN<\/h2>\t\t\t\t<\/div>\n\t\t\t\t<\/div>\n\t\t\t\t<div class=\"elementor-element elementor-element-a124c96 elementor-widget elementor-widget-text-editor\" data-id=\"a124c96\" data-element_type=\"widget\" data-e-type=\"widget\" data-widget_type=\"text-editor.default\">\n\t\t\t\t<div class=\"elementor-widget-container\">\n\t\t\t\t\t\t\t\t\t<p><strong>Type et <\/strong><strong>\u00e9<\/strong><strong>tendue du traitement<\/strong><\/p><p>Nous utilisons Mouseflow CDN pour fournir correctement le contenu de notre site Web. Mouseflow CDN est un service de Mouseflow, Inc. qui fait office de r\u00e9seau de diffusion de contenu (CDN) sur notre site Web afin de garantir la fonctionnalit\u00e9 d&#8217;autres services de Mouseflow, Inc. Ces services font l&#8217;objet d&#8217;une section distincte dans la pr\u00e9sente d\u00e9claration de confidentialit\u00e9. Cette section traite uniquement de l&#8217;utilisation du CDN.<\/p><p>Un CDN contribue \u00e0 mettre plus rapidement \u00e0 disposition les contenus de notre offre en ligne, en particulier les fichiers tels que les graphiques ou les scripts, \u00e0 l&#8217;aide de serveurs r\u00e9partis au niveau r\u00e9gional ou international. Lorsque vous acc\u00e9dez \u00e0 ces contenus, vous vous connectez aux serveurs de Mouseflow, Inc, 501 Congress Ave Suite, 150 Austin, TX 78701, United States, et votre adresse IP ainsi que, le cas \u00e9ch\u00e9ant, des donn\u00e9es de navigation telles que votre user-agent sont transmises. Ces donn\u00e9es sont trait\u00e9es exclusivement aux fins susmentionn\u00e9es et pour maintenir la s\u00e9curit\u00e9 et la fonctionnalit\u00e9 de Mouseflow CDN.<\/p>\t\t\t\t\t\t\t\t<\/div>\n\t\t\t\t<\/div>\n\t\t\t\t<div class=\"elementor-element elementor-element-a773ea5 elementor-widget elementor-widget-text-editor\" data-id=\"a773ea5\" data-element_type=\"widget\" data-e-type=\"widget\" data-widget_type=\"text-editor.default\">\n\t\t\t\t<div class=\"elementor-widget-container\">\n\t\t\t\t\t\t\t\t\t<p><strong>Finalit<\/strong><strong>\u00e9<\/strong><strong> et base juridique<\/strong><\/p><p>L&#8217;utilisation du Content Delivery Network s&#8217;effectue sur la base de nos int\u00e9r\u00eats l\u00e9gitimes, c&#8217;est-\u00e0-dire l&#8217;int\u00e9r\u00eat \u00e0 une mise \u00e0 disposition s\u00fbre et efficace ainsi qu&#8217;\u00e0 l&#8217;optimisation de notre offre en ligne conform\u00e9ment \u00e0 l&#8217;art. 6, al. 1, let. f. RGPD.<\/p>\t\t\t\t\t\t\t\t<\/div>\n\t\t\t\t<\/div>\n\t\t\t\t<div class=\"elementor-element elementor-element-f2f2c3d elementor-widget elementor-widget-text-editor\" data-id=\"f2f2c3d\" data-element_type=\"widget\" data-e-type=\"widget\" data-widget_type=\"text-editor.default\">\n\t\t\t\t<div class=\"elementor-widget-container\">\n\t\t\t\t\t\t\t\t\t<p><strong>Dur<\/strong><strong>\u00e9<\/strong><strong>e de stockage<\/strong><\/p><p>Nous n&#8217;avons aucune influence sur la dur\u00e9e concr\u00e8te de stockage des donn\u00e9es trait\u00e9es, qui est d\u00e9termin\u00e9e par Mouseflow, Inc. Vous trouverez de plus amples informations dans la d\u00e9claration de protection des donn\u00e9es pour Mouseflow CDN : <a href=\"https:\/\/mouseflow.com\/privacy\/\" target=\"_blank\" rel=\"noopener\">https:\/\/mouseflow.com\/privacy\/<\/a>.<\/p>\t\t\t\t\t\t\t\t<\/div>\n\t\t\t\t<\/div>\n\t\t\t\t<div class=\"elementor-element elementor-element-24aabec elementor-widget elementor-widget-heading\" data-id=\"24aabec\" data-element_type=\"widget\" data-e-type=\"widget\" data-widget_type=\"heading.default\">\n\t\t\t\t<div class=\"elementor-widget-container\">\n\t\t\t\t\t<h2 class=\"elementor-heading-title elementor-size-default\">Plausible Analytics<\/h2>\t\t\t\t<\/div>\n\t\t\t\t<\/div>\n\t\t\t\t<div class=\"elementor-element elementor-element-2cd2474 elementor-widget elementor-widget-text-editor\" data-id=\"2cd2474\" data-element_type=\"widget\" data-e-type=\"widget\" data-widget_type=\"text-editor.default\">\n\t\t\t\t<div class=\"elementor-widget-container\">\n\t\t\t\t\t\t\t\t\t<p><strong>Type et <\/strong><strong>\u00e9<\/strong><strong>tendue du traitement<\/strong><\/p><p>Nous utilisons Plausible Analytics de Plausible Insights O\u00dc, V\u00e4striku tn 2, 50403, Tartu, Estonie, comme service d&#8217;analyse pour l&#8217;\u00e9valuation statistique de notre offre en ligne. Celle-ci comprend par exemple le nombre d&#8217;appels de notre offre en ligne, les sous-pages visit\u00e9es et la dur\u00e9e de s\u00e9jour des visiteurs. Ces informations sont utilis\u00e9es, entre autres, pour \u00e9tablir des rapports sur l&#8217;activit\u00e9 du site web.<\/p><p>Plausible Analytics ne place pas de cookies, ne stocke pas d&#8217;informations dans le navigateur et ne collecte pas de donn\u00e9es personnelles sur les visiteurs.<\/p>\t\t\t\t\t\t\t\t<\/div>\n\t\t\t\t<\/div>\n\t\t\t\t<div class=\"elementor-element elementor-element-b342640 elementor-widget elementor-widget-text-editor\" data-id=\"b342640\" data-element_type=\"widget\" data-e-type=\"widget\" data-widget_type=\"text-editor.default\">\n\t\t\t\t<div class=\"elementor-widget-container\">\n\t\t\t\t\t\t\t\t\t<p><strong>Finalit<\/strong><strong>\u00e9<\/strong><strong> et base juridique<\/strong><\/p><p>L\u2019utilisation de Plausible Analytics se fait sur la base de votre consentement conform\u00e9ment \u00e0 l\u2019art. 6, paragraphe 1, lettre a) RGPD et art. 25, alin\u00e9a 1 TDDDG.<\/p>\t\t\t\t\t\t\t\t<\/div>\n\t\t\t\t<\/div>\n\t\t\t\t<div class=\"elementor-element elementor-element-2464980 elementor-widget elementor-widget-text-editor\" data-id=\"2464980\" data-element_type=\"widget\" data-e-type=\"widget\" data-widget_type=\"text-editor.default\">\n\t\t\t\t<div class=\"elementor-widget-container\">\n\t\t\t\t\t\t\t\t\t<p><strong>Dur<\/strong><strong>\u00e9<\/strong><strong>e de stockage<\/strong><\/p><p>Nous n&#8217;avons aucune influence sur la dur\u00e9e concr\u00e8te de stockage des donn\u00e9es trait\u00e9es, qui est d\u00e9termin\u00e9e par Plausible Insights O\u00dc. Vous trouverez de plus amples informations dans la d\u00e9claration de protection des donn\u00e9es pour Plausible Analytics: https:\/\/plausible.io\/data-policy.<\/p>\t\t\t\t\t\t\t\t<\/div>\n\t\t\t\t<\/div>\n\t\t\t\t<div class=\"elementor-element elementor-element-da32a22 elementor-widget elementor-widget-heading\" data-id=\"da32a22\" data-element_type=\"widget\" data-e-type=\"widget\" data-widget_type=\"heading.default\">\n\t\t\t\t<div class=\"elementor-widget-container\">\n\t\t\t\t\t<h2 class=\"elementor-heading-title elementor-size-default\">Tidio Chat<\/h2>\t\t\t\t<\/div>\n\t\t\t\t<\/div>\n\t\t\t\t<div class=\"elementor-element elementor-element-f3ffca8 elementor-widget elementor-widget-text-editor\" data-id=\"f3ffca8\" data-element_type=\"widget\" data-e-type=\"widget\" data-widget_type=\"text-editor.default\">\n\t\t\t\t<div class=\"elementor-widget-container\">\n\t\t\t\t\t\t\t\t\t<p><strong>Type et <\/strong><strong>\u00e9<\/strong><strong>tendue du traitement<\/strong><\/p><p>Nous avons int\u00e9gr\u00e9 sur notre site web des composants de la plateforme de communication avec les clients Tidio Chat. Tidio Chat est un service de Tidio, Ltd. et nous offre la possibilit\u00e9 de communiquer par chat avec les visiteurs de notre site web et de fournir une aide cibl\u00e9e en cas de questions. Tidio Chat utilise des cookies et d&#8217;autres technologies de navigation afin d&#8217;\u00e9valuer le comportement des utilisateurs et de les reconna\u00eetre. Par ailleurs, Tidio Chat est utilis\u00e9 pour stocker et transmettre les donn\u00e9es saisies dans les chats au moyen de cookies, y compris votre adresse IP. Dans ce cas, vos donn\u00e9es sont transmises \u00e0 l\u2019exploitant de Tidio Chat, Tidio, Ltd., 220C Blythe Road W14 0HH, Londres, Royaume-Uni.<\/p>\t\t\t\t\t\t\t\t<\/div>\n\t\t\t\t<\/div>\n\t\t\t\t<div class=\"elementor-element elementor-element-082571e elementor-widget elementor-widget-text-editor\" data-id=\"082571e\" data-element_type=\"widget\" data-e-type=\"widget\" data-widget_type=\"text-editor.default\">\n\t\t\t\t<div class=\"elementor-widget-container\">\n\t\t\t\t\t\t\t\t\t<p><strong>Finalit<\/strong><strong>\u00e9<\/strong><strong> et base juridique<\/strong><\/p><p>L\u2019utilisation de Tidio Chat se fait sur la base de votre consentement conform\u00e9ment \u00e0 l\u2019art. 6, paragraphe 1, lettre a) RGPD et art. 25, alin\u00e9a 1 TDDDG.<\/p>\t\t\t\t\t\t\t\t<\/div>\n\t\t\t\t<\/div>\n\t\t\t\t<div class=\"elementor-element elementor-element-1e3ceea elementor-widget elementor-widget-text-editor\" data-id=\"1e3ceea\" data-element_type=\"widget\" data-e-type=\"widget\" data-widget_type=\"text-editor.default\">\n\t\t\t\t<div class=\"elementor-widget-container\">\n\t\t\t\t\t\t\t\t\t<p><strong>Dur<\/strong><strong>\u00e9<\/strong><strong>e de stockage<\/strong><\/p><p>Nous n&#8217;avons aucune influence sur la dur\u00e9e concr\u00e8te de stockage des donn\u00e9es trait\u00e9es, qui est d\u00e9termin\u00e9e par Tidio, Ltd. Vous trouverez de plus amples informations dans la d\u00e9claration de protection des donn\u00e9es pour Tidio Chat\u00a0: <a href=\"https:\/\/www.tidio.com\/privacy-policy\/\" target=\"_blank\" rel=\"noopener\">https:\/\/www.tidio.com\/privacy-policy\/<\/a>.<\/p>\t\t\t\t\t\t\t\t<\/div>\n\t\t\t\t<\/div>\n\t\t\t\t<div class=\"elementor-element elementor-element-3ebf17c elementor-widget elementor-widget-heading\" data-id=\"3ebf17c\" data-element_type=\"widget\" data-e-type=\"widget\" data-widget_type=\"heading.default\">\n\t\t\t\t<div class=\"elementor-widget-container\">\n\t\t\t\t\t<h2 class=\"elementor-heading-title elementor-size-default\">YouTube Video<\/h2>\t\t\t\t<\/div>\n\t\t\t\t<\/div>\n\t\t\t\t<div class=\"elementor-element elementor-element-613be29 elementor-widget elementor-widget-text-editor\" data-id=\"613be29\" data-element_type=\"widget\" data-e-type=\"widget\" data-widget_type=\"text-editor.default\">\n\t\t\t\t<div class=\"elementor-widget-container\">\n\t\t\t\t\t\t\t\t\t<p><strong>Type et \u00e9tendue du traitement<\/strong><\/p><p>Nous avons int\u00e9gr\u00e9 YouTube Video sur notre site web. YouTube Video est un composant de la plateforme vid\u00e9o de YouTube, LLC, sur laquelle les utilisateurs peuvent t\u00e9l\u00e9charger des contenus, les partager sur Internet et obtenir des statistiques d\u00e9taill\u00e9es.<\/p><p>YouTube Video nous permet d&#8217;int\u00e9grer des contenus de la plateforme dans notre site web.<\/p><p>YouTube Video utilise des cookies et d&#8217;autres technologies de navigation pour \u00e9valuer le comportement des utilisateurs, reconna\u00eetre les utilisateurs et cr\u00e9er des profils d&#8217;utilisateurs. Ces informations sont utilis\u00e9es, entre autres, pour analyser l&#8217;activit\u00e9 des contenus \u00e9cout\u00e9s et \u00e9tablir des rapports. Si un utilisateur est enregistr\u00e9 aupr\u00e8s de YouTube, LLC, YouTube Video peut associer les vid\u00e9os lues \u00e0 son profil.<\/p><p>Lorsque vous acc\u00e9dez \u00e0 ces contenus, vous vous connectez aux serveurs de YouTube, LLC, Google Ireland Limited, Gordon House, Barrow Street Dublin 4, Irlande, et votre adresse IP et, le cas \u00e9ch\u00e9ant, les donn\u00e9es du navigateur telles que votre agent utilisateur sont transmises.<\/p>\t\t\t\t\t\t\t\t<\/div>\n\t\t\t\t<\/div>\n\t\t\t\t<div class=\"elementor-element elementor-element-4680fd1 elementor-widget elementor-widget-text-editor\" data-id=\"4680fd1\" data-element_type=\"widget\" data-e-type=\"widget\" data-widget_type=\"text-editor.default\">\n\t\t\t\t<div class=\"elementor-widget-container\">\n\t\t\t\t\t\t\t\t\t<p><strong>Finalit\u00e9 et base juridique<\/strong><\/p><p>L&#8217;utilisation du service se fait sur la base de votre consentement conform\u00e9ment \u00e0 l\u2019art. 6, paragraphe 1, lettre a) RGPD et art. 25, alin\u00e9a 1 TDDDG.<\/p><p>Nous avons l&#8217;intention de transmettre des donn\u00e9es \u00e0 caract\u00e8re personnel \u00e0 des pays tiers en dehors de l&#8217;Espace \u00e9conomique europ\u00e9en, notamment aux \u00c9tats-Unis. Le transfert de donn\u00e9es vers les \u00c9tats-Unis est effectu\u00e9 conform\u00e9ment \u00e0 l&#8217;article 45, paragraphe 1 du RGPD, sur la base de la d\u00e9cision d&#8217;ad\u00e9quation de la Commission europ\u00e9enne. Les entreprises am\u00e9ricaines impliqu\u00e9es et\u00a0\/\u00a0ou leurs sous-traitants am\u00e9ricains sont certifi\u00e9s selon le cadre de protection des donn\u00e9es UE-U.S. (DPF EU-USA).<\/p><p>Dans les cas o\u00f9 il n\u2019existe pas de d\u00e9cision d\u2019ad\u00e9quation de la Commission europ\u00e9enne (y compris pour les entreprises am\u00e9ricaines qui ne sont pas certifi\u00e9es selon le DPF UE-USA), nous avons mis en place d\u2019autres garanties appropri\u00e9es avec les destinataires des donn\u00e9es, conform\u00e9ment \u00e0 l\u2019article 44 et suivants du RGPD. Il s&#8217;agit &#8211; sauf indication contraire &#8211; de clauses contractuelles types de la Commission europ\u00e9enne conform\u00e9ment \u00e0 la d\u00e9cision d&#8217;ex\u00e9cution (UE) 2021\/914 du 4 juin 2021. Vous pouvez consulter une copie de ces clauses contractuelles types \u00e0 l&#8217;adresse <a href=\"https:\/\/eur-lex.europa.eu\/legal-content\/DE\/TXT\/HTML\/?uri=CELEX:32021D0914&amp;from=DE\" target=\"_blank\" rel=\"noopener\">https:\/\/eur-lex.europa.eu\/legal-content\/DE\/TXT\/HTML\/?uri=CELEX:32021D0914&amp;from=DE<\/a>.<\/p><p>En outre, avant un tel transfert vers un pays tiers, nous demandons votre consentement conform\u00e9ment \u00e0 l\u2019article 49, par. 1, phrase 1, lettre a) du RGPD, que vous donnez par le biais du consentement dans le Consent Manager (ou autres formulaires, enregistrements, etc.). Nous attirons votre attention sur le fait qu&#8217;il peut exister des risques inconnus dans le d\u00e9tail lors de transferts vers des pays tiers (par ex. le traitement des donn\u00e9es par les autorit\u00e9s de s\u00e9curit\u00e9 du pays tiers, dont nous ne connaissons pas l&#8217;\u00e9tendue exacte et les cons\u00e9quences pour vous, sur lesquelles nous n&#8217;avons aucune influence et dont vous pouvez ne pas avoir connaissance).<\/p>\t\t\t\t\t\t\t\t<\/div>\n\t\t\t\t<\/div>\n\t\t\t\t<div class=\"elementor-element elementor-element-159ba37 elementor-widget elementor-widget-text-editor\" data-id=\"159ba37\" data-element_type=\"widget\" data-e-type=\"widget\" data-widget_type=\"text-editor.default\">\n\t\t\t\t<div class=\"elementor-widget-container\">\n\t\t\t\t\t\t\t\t\t<p><strong>Dur\u00e9e de stockage<\/strong><\/p><p>Nous n&#8217;avons aucune influence sur la dur\u00e9e concr\u00e8te de stockage des donn\u00e9es trait\u00e9es, qui est d\u00e9termin\u00e9e par YouTube, LLC. Vous trouverez de plus amples informations dans la d\u00e9claration de protection des donn\u00e9es pour YouTube Video :\u00a0 https:\/\/policies.google.com\/privacy.<\/p>\t\t\t\t\t\t\t\t<\/div>\n\t\t\t\t<\/div>\n\t\t\t\t<\/div>\n\t\t\t\t\t<\/div>\n\t\t\t\t<\/div>\n\t\t\t\t<\/div>\n\t\t","protected":false},"excerpt":{"rendered":"<p>D\u00e9claration de protection des donn\u00e9es Nous sommes heureux que notre site web vous int\u00e9resse. Nous prenons tr\u00e8s au s\u00e9rieux la protection et la s\u00e9curit\u00e9 de vos informations personnelles pendant votre utilisation de notre site web. C\u2019est pourquoi nous souhaitons vous informer ici sur les donn\u00e9es \u00e0 caract\u00e8re personnel que nous collectons lors de votre visite [&hellip;]<\/p>\n","protected":false},"author":14,"featured_media":0,"parent":0,"menu_order":0,"comment_status":"closed","ping_status":"closed","template":"","meta":{"_acf_changed":false,"footnotes":""},"simple-restrict-permission":[],"class_list":["post-16595","page","type-page","status-publish","hentry"],"acf":[],"_links":{"self":[{"href":"https:\/\/papier-sprick.de\/fr\/wp-json\/wp\/v2\/pages\/16595","targetHints":{"allow":["GET"]}}],"collection":[{"href":"https:\/\/papier-sprick.de\/fr\/wp-json\/wp\/v2\/pages"}],"about":[{"href":"https:\/\/papier-sprick.de\/fr\/wp-json\/wp\/v2\/types\/page"}],"author":[{"embeddable":true,"href":"https:\/\/papier-sprick.de\/fr\/wp-json\/wp\/v2\/users\/14"}],"replies":[{"embeddable":true,"href":"https:\/\/papier-sprick.de\/fr\/wp-json\/wp\/v2\/comments?post=16595"}],"version-history":[{"count":36,"href":"https:\/\/papier-sprick.de\/fr\/wp-json\/wp\/v2\/pages\/16595\/revisions"}],"predecessor-version":[{"id":38945,"href":"https:\/\/papier-sprick.de\/fr\/wp-json\/wp\/v2\/pages\/16595\/revisions\/38945"}],"wp:attachment":[{"href":"https:\/\/papier-sprick.de\/fr\/wp-json\/wp\/v2\/media?parent=16595"}],"wp:term":[{"taxonomy":"simple-restrict-permission","embeddable":true,"href":"https:\/\/papier-sprick.de\/fr\/wp-json\/wp\/v2\/simple-restrict-permission?post=16595"}],"curies":[{"name":"wp","href":"https:\/\/api.w.org\/{rel}","templated":true}]}}